{"id":1997,"date":"2025-11-20T13:09:49","date_gmt":"2025-11-20T13:09:49","guid":{"rendered":"https:\/\/calaestudi.com\/?page_id=1997"},"modified":"2026-01-09T12:53:23","modified_gmt":"2026-01-09T12:53:23","slug":"saona-old","status":"publish","type":"page","link":"http:\/\/calaestudi.com\/ca\/saona\/","title":{"rendered":"Saona"},"content":{"rendered":"<div data-elementor-type=\"wp-page\" data-elementor-id=\"1997\" class=\"elementor elementor-1997\" data-elementor-post-type=\"page\">\n\t\t\t\t<div class=\"elementor-element elementor-element-167906c e-con-full e-flex e-con e-parent\" data-id=\"167906c\" data-element_type=\"container\">\n\t\t<div class=\"elementor-element elementor-element-1cd1f1c e-con-full e-flex e-con e-child\" data-id=\"1cd1f1c\" data-element_type=\"container\" data-settings=\"{&quot;background_background&quot;:&quot;classic&quot;}\">\n\t\t\t\t<\/div>\n\t\t\t\t<\/div>\n\t\t<div class=\"elementor-element elementor-element-8aa223e e-flex e-con-boxed e-con e-parent\" data-id=\"8aa223e\" data-element_type=\"container\">\n\t\t\t\t\t<div class=\"e-con-inner\">\n\t\t<div class=\"elementor-element elementor-element-057ed38 e-con-full e-flex e-con e-child\" data-id=\"057ed38\" data-element_type=\"container\">\n\t\t<div class=\"elementor-element elementor-element-82d2e39 e-con-full e-flex e-con e-child\" data-id=\"82d2e39\" data-element_type=\"container\">\n\t\t\t\t<div class=\"elementor-element elementor-element-0285527 elementor-widget elementor-widget-image\" data-id=\"0285527\" data-element_type=\"widget\" data-widget_type=\"image.default\">\n\t\t\t\t<div class=\"elementor-widget-container\">\n\t\t\t\t\t\t\t\t\t\t\t\t\t\t\t<img fetchpriority=\"high\" decoding=\"async\" width=\"683\" height=\"1024\" src=\"https:\/\/calaestudi.com\/wp-content\/uploads\/2025\/11\/Saona_Cala-Estudi_Salon-683x1024.jpg\" class=\"attachment-large size-large wp-image-1999\" alt=\"Dona caminant al centre del sal\u00f3 de Saona, una reforma a Badalona dissenyada per Cala Estudi.\" srcset=\"https:\/\/calaestudi.com\/wp-content\/uploads\/2025\/11\/Saona_Cala-Estudi_Salon-683x1024.jpg 683w, https:\/\/calaestudi.com\/wp-content\/uploads\/2025\/11\/Saona_Cala-Estudi_Salon-200x300.jpg 200w, https:\/\/calaestudi.com\/wp-content\/uploads\/2025\/11\/Saona_Cala-Estudi_Salon-768x1152.jpg 768w, https:\/\/calaestudi.com\/wp-content\/uploads\/2025\/11\/Saona_Cala-Estudi_Salon-8x12.jpg 8w, https:\/\/calaestudi.com\/wp-content\/uploads\/2025\/11\/Saona_Cala-Estudi_Salon.jpg 832w\" sizes=\"(max-width: 683px) 100vw, 683px\" \/>\t\t\t\t\t\t\t\t\t\t\t\t\t\t\t<\/div>\n\t\t\t\t<\/div>\n\t\t\t\t<div class=\"elementor-element elementor-element-cc4d202 elementor-widget elementor-widget-text-editor\" data-id=\"cc4d202\" data-element_type=\"widget\" data-widget_type=\"text-editor.default\">\n\t\t\t\t<div class=\"elementor-widget-container\">\n\t\t\t\t\t\t\t\t\t<p><span style=\"color: #030140;\">SAONA<\/span><\/p>\t\t\t\t\t\t\t\t<\/div>\n\t\t\t\t<\/div>\n\t\t\t\t<div class=\"elementor-element elementor-element-15d07dc elementor-widget elementor-widget-text-editor\" data-id=\"15d07dc\" data-element_type=\"widget\" data-widget_type=\"text-editor.default\">\n\t\t\t\t<div class=\"elementor-widget-container\">\n\t\t\t\t\t\t\t\t\t<p><span style=\"color: #030140;\">CLIENT<\/span><br \/><span style=\"color: #030140;\">Privat<\/span><\/p>\n<p><span style=\"color: #030140;\">LOCALITZACI\u00d3<\/span><br \/><span style=\"color: #030140;\">Badalona<\/span><\/p>\n<p><span style=\"color: #030140;\">ANY<\/span><br \/><span style=\"color: #030140;\">2024<\/span><\/p>\n<p><span style=\"color: #030140;\">CATEGORIA<\/span><br \/><span style=\"color: #030140;\">Reforma residencial\u00a0<\/span><\/p>\n<p><span style=\"color: #030140;\">SUPERF\u00cdCIE<\/span><br \/><span style=\"color: #030140;\">90m2<\/span><\/p>\n<p><span style=\"color: #030140;\">ESTAT<\/span><br \/><span style=\"color: #030140;\">Finalitzat<\/span><\/p>\t\t\t\t\t\t\t\t<\/div>\n\t\t\t\t<\/div>\n\t\t\t\t<\/div>\n\t\t\t\t<\/div>\n\t\t\t\t\t<\/div>\n\t\t\t\t<\/div>\n\t\t<div class=\"elementor-element elementor-element-abe9ab4 e-flex e-con-boxed e-con e-parent\" data-id=\"abe9ab4\" data-element_type=\"container\">\n\t\t\t\t\t<div class=\"e-con-inner\">\n\t\t<div class=\"elementor-element elementor-element-78085d7 e-con-full e-flex e-con e-child\" data-id=\"78085d7\" data-element_type=\"container\">\n\t\t\t\t<div class=\"elementor-element elementor-element-a37f556 elementor-widget elementor-widget-text-editor\" data-id=\"a37f556\" data-element_type=\"widget\" data-widget_type=\"text-editor.default\">\n\t\t\t\t<div class=\"elementor-widget-container\">\n\t\t\t\t\t\t\t\t\t<p><strong><span style=\"color: #030140;\">Espais de llum i harmonia<\/span><\/strong><\/p><p><span style=\"font-weight: 200; color: #030140;\">Qu\u00e8 us fa sentir a casa? Per a aquesta parella, la llar \u00e9s sin\u00f2nim de desconnexi\u00f3, calma i llibertat per crear un espai a mida. Buscaven un refugi on relaxar-se del ritme diari, un lloc que poguessin decorar al seu gust i que transmet\u00e9s serenitat a cada rac\u00f3.<\/span><\/p>\t\t\t\t\t\t\t\t<\/div>\n\t\t\t\t<\/div>\n\t\t\t\t<\/div>\n\t\t\t\t\t<\/div>\n\t\t\t\t<\/div>\n\t\t<div class=\"elementor-element elementor-element-bfbe68f e-flex e-con-boxed e-con e-parent\" data-id=\"bfbe68f\" data-element_type=\"container\">\n\t\t\t\t\t<div class=\"e-con-inner\">\n\t\t<div class=\"elementor-element elementor-element-e415360 e-con-full e-flex e-con e-child\" data-id=\"e415360\" data-element_type=\"container\">\n\t\t<div class=\"elementor-element elementor-element-4a81a25 e-grid e-con-full e-con e-child\" data-id=\"4a81a25\" data-element_type=\"container\">\n\t\t\t\t<div class=\"elementor-element elementor-element-9a7b2e6 elementor-widget elementor-widget-image\" data-id=\"9a7b2e6\" data-element_type=\"widget\" data-widget_type=\"image.default\">\n\t\t\t\t<div class=\"elementor-widget-container\">\n\t\t\t\t\t\t\t\t\t\t\t\t\t\t\t<img decoding=\"async\" width=\"800\" height=\"396\" src=\"https:\/\/calaestudi.com\/wp-content\/uploads\/2025\/11\/Cala-Estudi_Saona_Plano-1024x507.png\" class=\"attachment-large size-large wp-image-2011\" alt=\"\" srcset=\"https:\/\/calaestudi.com\/wp-content\/uploads\/2025\/11\/Cala-Estudi_Saona_Plano-1024x507.png 1024w, https:\/\/calaestudi.com\/wp-content\/uploads\/2025\/11\/Cala-Estudi_Saona_Plano-300x148.png 300w, https:\/\/calaestudi.com\/wp-content\/uploads\/2025\/11\/Cala-Estudi_Saona_Plano-768x380.png 768w, https:\/\/calaestudi.com\/wp-content\/uploads\/2025\/11\/Cala-Estudi_Saona_Plano-1536x760.png 1536w, https:\/\/calaestudi.com\/wp-content\/uploads\/2025\/11\/Cala-Estudi_Saona_Plano-2048x1013.png 2048w, https:\/\/calaestudi.com\/wp-content\/uploads\/2025\/11\/Cala-Estudi_Saona_Plano-18x9.png 18w\" sizes=\"(max-width: 800px) 100vw, 800px\" \/>\t\t\t\t\t\t\t\t\t\t\t\t\t\t\t<\/div>\n\t\t\t\t<\/div>\n\t\t\t\t<\/div>\n\t\t\t\t<div class=\"elementor-element elementor-element-e9fbc1d elementor-widget elementor-widget-text-editor\" data-id=\"e9fbc1d\" data-element_type=\"widget\" data-widget_type=\"text-editor.default\">\n\t\t\t\t<div class=\"elementor-widget-container\">\n\t\t\t\t\t\t\t\t\t<p><span style=\"font-weight: 200; color: #030140;\">El projecte parteix de la necessitat de reconfigurar la distribuci\u00f3 interior de l&#039;habitatge per adaptar-lo a un estil de vida m\u00e9s contemporani, on l&#039;amplitud, la llum natural i la funcionalitat siguin protagonistes. Es buscava una transformaci\u00f3 que aporta m\u00e9s sensaci\u00f3 d&#039;espai, afavoreix la connexi\u00f3 entre les diferents estances i optimitza cada rac\u00f3 per millorar-ne l&#039;\u00fas diari.<\/span><\/p>\t\t\t\t\t\t\t\t<\/div>\n\t\t\t\t<\/div>\n\t\t<div class=\"elementor-element elementor-element-6f1f9e5 e-grid e-con-full e-con e-child\" data-id=\"6f1f9e5\" data-element_type=\"container\">\n\t\t\t\t<div class=\"elementor-element elementor-element-8854800 elementor-widget elementor-widget-image\" data-id=\"8854800\" data-element_type=\"widget\" data-widget_type=\"image.default\">\n\t\t\t\t<div class=\"elementor-widget-container\">\n\t\t\t\t\t\t\t\t\t\t\t\t\t\t\t<img decoding=\"async\" width=\"800\" height=\"466\" src=\"https:\/\/calaestudi.com\/wp-content\/uploads\/2025\/11\/Cala-Estudi_Saona_Bano-Principal-Diibujo-1024x597.png\" class=\"attachment-large size-large wp-image-2006\" alt=\"\" srcset=\"https:\/\/calaestudi.com\/wp-content\/uploads\/2025\/11\/Cala-Estudi_Saona_Bano-Principal-Diibujo-1024x597.png 1024w, https:\/\/calaestudi.com\/wp-content\/uploads\/2025\/11\/Cala-Estudi_Saona_Bano-Principal-Diibujo-300x175.png 300w, https:\/\/calaestudi.com\/wp-content\/uploads\/2025\/11\/Cala-Estudi_Saona_Bano-Principal-Diibujo-768x448.png 768w, https:\/\/calaestudi.com\/wp-content\/uploads\/2025\/11\/Cala-Estudi_Saona_Bano-Principal-Diibujo-1536x895.png 1536w, https:\/\/calaestudi.com\/wp-content\/uploads\/2025\/11\/Cala-Estudi_Saona_Bano-Principal-Diibujo-2048x1193.png 2048w, https:\/\/calaestudi.com\/wp-content\/uploads\/2025\/11\/Cala-Estudi_Saona_Bano-Principal-Diibujo-18x10.png 18w\" sizes=\"(max-width: 800px) 100vw, 800px\" \/>\t\t\t\t\t\t\t\t\t\t\t\t\t\t\t<\/div>\n\t\t\t\t<\/div>\n\t\t\t\t<\/div>\n\t\t<div class=\"elementor-element elementor-element-666087e e-grid e-con-full e-con e-child\" data-id=\"666087e\" data-element_type=\"container\">\n\t\t\t\t<div class=\"elementor-element elementor-element-40f7ad1 elementor-widget elementor-widget-image\" data-id=\"40f7ad1\" data-element_type=\"widget\" data-widget_type=\"image.default\">\n\t\t\t\t<div class=\"elementor-widget-container\">\n\t\t\t\t\t\t\t\t\t\t\t\t\t\t\t<img loading=\"lazy\" decoding=\"async\" width=\"747\" height=\"1024\" src=\"https:\/\/calaestudi.com\/wp-content\/uploads\/2025\/11\/Saona_Cala-Estudi_Bano-Principal-1-747x1024.jpg\" class=\"attachment-large size-large wp-image-2001\" alt=\"\" srcset=\"https:\/\/calaestudi.com\/wp-content\/uploads\/2025\/11\/Saona_Cala-Estudi_Bano-Principal-1-747x1024.jpg 747w, https:\/\/calaestudi.com\/wp-content\/uploads\/2025\/11\/Saona_Cala-Estudi_Bano-Principal-1-219x300.jpg 219w, https:\/\/calaestudi.com\/wp-content\/uploads\/2025\/11\/Saona_Cala-Estudi_Bano-Principal-1-768x1052.jpg 768w, https:\/\/calaestudi.com\/wp-content\/uploads\/2025\/11\/Saona_Cala-Estudi_Bano-Principal-1-9x12.jpg 9w, https:\/\/calaestudi.com\/wp-content\/uploads\/2025\/11\/Saona_Cala-Estudi_Bano-Principal-1.jpg 864w\" sizes=\"(max-width: 747px) 100vw, 747px\" \/>\t\t\t\t\t\t\t\t\t\t\t\t\t\t\t<\/div>\n\t\t\t\t<\/div>\n\t\t\t\t<div class=\"elementor-element elementor-element-bc7037e elementor-widget elementor-widget-image\" data-id=\"bc7037e\" data-element_type=\"widget\" data-widget_type=\"image.default\">\n\t\t\t\t<div class=\"elementor-widget-container\">\n\t\t\t\t\t\t\t\t\t\t\t\t\t\t\t<img loading=\"lazy\" decoding=\"async\" width=\"624\" height=\"855\" src=\"https:\/\/calaestudi.com\/wp-content\/uploads\/2025\/11\/Saona_Cala-Estudi_Habitacion-1-2.jpg\" class=\"attachment-large size-large wp-image-2065\" alt=\"\" srcset=\"https:\/\/calaestudi.com\/wp-content\/uploads\/2025\/11\/Saona_Cala-Estudi_Habitacion-1-2.jpg 624w, https:\/\/calaestudi.com\/wp-content\/uploads\/2025\/11\/Saona_Cala-Estudi_Habitacion-1-2-219x300.jpg 219w, https:\/\/calaestudi.com\/wp-content\/uploads\/2025\/11\/Saona_Cala-Estudi_Habitacion-1-2-9x12.jpg 9w\" sizes=\"(max-width: 624px) 100vw, 624px\" \/>\t\t\t\t\t\t\t\t\t\t\t\t\t\t\t<\/div>\n\t\t\t\t<\/div>\n\t\t\t\t<\/div>\n\t\t\t\t<div class=\"elementor-element elementor-element-1365104 elementor-widget elementor-widget-text-editor\" data-id=\"1365104\" data-element_type=\"widget\" data-widget_type=\"text-editor.default\">\n\t\t\t\t<div class=\"elementor-widget-container\">\n\t\t\t\t\t\t\t\t\t<p><span style=\"font-weight: 200; color: #030140;\">Per aconseguir-ho, es va dur a terme una redistribuci\u00f3 completa dels envans interiors, eliminant barreres innecess\u00e0ries i creant espais di\u00e0fans i fluids. Un dels principals reptes va ser la integraci\u00f3 d&#039;un segon bany a la suite principal, una millora clau que aporta m\u00e9s comoditat i privadesa.\u00a0<\/span><\/p>\t\t\t\t\t\t\t\t<\/div>\n\t\t\t\t<\/div>\n\t\t<div class=\"elementor-element elementor-element-c735f07 e-grid e-con-full e-con e-child\" data-id=\"c735f07\" data-element_type=\"container\">\n\t\t\t\t<div class=\"elementor-element elementor-element-b9eff1e elementor-widget elementor-widget-image\" data-id=\"b9eff1e\" data-element_type=\"widget\" data-widget_type=\"image.default\">\n\t\t\t\t<div class=\"elementor-widget-container\">\n\t\t\t\t\t\t\t\t\t\t\t\t\t\t\t<img loading=\"lazy\" decoding=\"async\" width=\"747\" height=\"1024\" src=\"https:\/\/calaestudi.com\/wp-content\/uploads\/2025\/11\/Saona_Cala-Estudi_Cocina-747x1024.jpg\" class=\"attachment-large size-large wp-image-2000\" alt=\"\" srcset=\"https:\/\/calaestudi.com\/wp-content\/uploads\/2025\/11\/Saona_Cala-Estudi_Cocina-747x1024.jpg 747w, https:\/\/calaestudi.com\/wp-content\/uploads\/2025\/11\/Saona_Cala-Estudi_Cocina-219x300.jpg 219w, https:\/\/calaestudi.com\/wp-content\/uploads\/2025\/11\/Saona_Cala-Estudi_Cocina-768x1052.jpg 768w, https:\/\/calaestudi.com\/wp-content\/uploads\/2025\/11\/Saona_Cala-Estudi_Cocina-9x12.jpg 9w, https:\/\/calaestudi.com\/wp-content\/uploads\/2025\/11\/Saona_Cala-Estudi_Cocina.jpg 864w\" sizes=\"(max-width: 747px) 100vw, 747px\" \/>\t\t\t\t\t\t\t\t\t\t\t\t\t\t\t<\/div>\n\t\t\t\t<\/div>\n\t\t\t\t<div class=\"elementor-element elementor-element-c2b45a5 elementor-widget elementor-widget-image\" data-id=\"c2b45a5\" data-element_type=\"widget\" data-widget_type=\"image.default\">\n\t\t\t\t<div class=\"elementor-widget-container\">\n\t\t\t\t\t\t\t\t\t\t\t\t\t\t\t<img fetchpriority=\"high\" decoding=\"async\" width=\"683\" height=\"1024\" src=\"https:\/\/calaestudi.com\/wp-content\/uploads\/2025\/11\/Saona_Cala-Estudi_Salon-683x1024.jpg\" class=\"attachment-large size-large wp-image-1999\" alt=\"Dona caminant al centre del sal\u00f3 de Saona, una reforma a Badalona dissenyada per Cala Estudi.\" srcset=\"https:\/\/calaestudi.com\/wp-content\/uploads\/2025\/11\/Saona_Cala-Estudi_Salon-683x1024.jpg 683w, https:\/\/calaestudi.com\/wp-content\/uploads\/2025\/11\/Saona_Cala-Estudi_Salon-200x300.jpg 200w, https:\/\/calaestudi.com\/wp-content\/uploads\/2025\/11\/Saona_Cala-Estudi_Salon-768x1152.jpg 768w, https:\/\/calaestudi.com\/wp-content\/uploads\/2025\/11\/Saona_Cala-Estudi_Salon-8x12.jpg 8w, https:\/\/calaestudi.com\/wp-content\/uploads\/2025\/11\/Saona_Cala-Estudi_Salon.jpg 832w\" sizes=\"(max-width: 683px) 100vw, 683px\" \/>\t\t\t\t\t\t\t\t\t\t\t\t\t\t\t<\/div>\n\t\t\t\t<\/div>\n\t\t\t\t<\/div>\n\t\t\t\t<div class=\"elementor-element elementor-element-a87f0dd elementor-widget elementor-widget-text-editor\" data-id=\"a87f0dd\" data-element_type=\"widget\" data-widget_type=\"text-editor.default\">\n\t\t\t\t<div class=\"elementor-widget-container\">\n\t\t\t\t\t\t\t\t\t<p><span style=\"font-weight: 200; color: #030140;\">El projecte d&#039;interiorisme ha estat dissenyat a mida, tenint cura de cada detall per aconseguir un estil net, elegant i atemporal. S&#039;han triat materials i acabats d&#039;alta qualitat que aporten calidesa i sofisticaci\u00f3, combinant textures i tonalitats neutres per potenciar l&#039;harmonia a tot el conjunt. La selecci\u00f3 del mobiliari i la integraci\u00f3 de solucions funcionals han estat claus per maximitzar l&#039;aprofitament de l&#039;espai sense comprometre&#039;n el disseny.<\/span><\/p>\t\t\t\t\t\t\t\t<\/div>\n\t\t\t\t<\/div>\n\t\t\t\t<div class=\"elementor-element elementor-element-3f19687 elementor-widget elementor-widget-image\" data-id=\"3f19687\" data-element_type=\"widget\" data-widget_type=\"image.default\">\n\t\t\t\t<div class=\"elementor-widget-container\">\n\t\t\t\t\t\t\t\t\t\t\t\t\t\t\t<img loading=\"lazy\" decoding=\"async\" width=\"800\" height=\"469\" src=\"https:\/\/calaestudi.com\/wp-content\/uploads\/2025\/11\/Cala-Estudi_Saona_Bano-Cortesia-Dibujo-1024x600.png\" class=\"attachment-large size-large wp-image-2008\" alt=\"\" srcset=\"https:\/\/calaestudi.com\/wp-content\/uploads\/2025\/11\/Cala-Estudi_Saona_Bano-Cortesia-Dibujo-1024x600.png 1024w, https:\/\/calaestudi.com\/wp-content\/uploads\/2025\/11\/Cala-Estudi_Saona_Bano-Cortesia-Dibujo-300x176.png 300w, https:\/\/calaestudi.com\/wp-content\/uploads\/2025\/11\/Cala-Estudi_Saona_Bano-Cortesia-Dibujo-768x450.png 768w, https:\/\/calaestudi.com\/wp-content\/uploads\/2025\/11\/Cala-Estudi_Saona_Bano-Cortesia-Dibujo-1536x900.png 1536w, https:\/\/calaestudi.com\/wp-content\/uploads\/2025\/11\/Cala-Estudi_Saona_Bano-Cortesia-Dibujo-2048x1200.png 2048w, https:\/\/calaestudi.com\/wp-content\/uploads\/2025\/11\/Cala-Estudi_Saona_Bano-Cortesia-Dibujo-18x12.png 18w\" sizes=\"(max-width: 800px) 100vw, 800px\" \/>\t\t\t\t\t\t\t\t\t\t\t\t\t\t\t<\/div>\n\t\t\t\t<\/div>\n\t\t\t\t<div class=\"elementor-element elementor-element-dad4147 elementor-widget elementor-widget-text-editor\" data-id=\"dad4147\" data-element_type=\"widget\" data-widget_type=\"text-editor.default\">\n\t\t\t\t<div class=\"elementor-widget-container\">\n\t\t\t\t\t\t\t\t\t<p><span style=\"font-weight: 200; color: #030140;\">El resultat \u00e9s un habitatge renovat que respon a les necessitats actuals, oferint una atmosfera lluminosa, equilibrada i confortable. Una reforma que no nom\u00e9s transforma l&#039;espai, sin\u00f3 que millora l&#039;experi\u00e8ncia d&#039;habitar-lo, elevant la qualitat de vida dels qui en gaudeixen.<\/span><\/p>\t\t\t\t\t\t\t\t<\/div>\n\t\t\t\t<\/div>\n\t\t\t\t<\/div>\n\t\t\t\t\t<\/div>\n\t\t\t\t<\/div>\n\t\t<div class=\"elementor-element elementor-element-d7915fa e-grid e-con-full e-con e-parent\" data-id=\"d7915fa\" data-element_type=\"container\">\n\t\t\t\t<div class=\"elementor-element elementor-element-c1aefc5 elementor-widget elementor-widget-image\" data-id=\"c1aefc5\" data-element_type=\"widget\" data-widget_type=\"image.default\">\n\t\t\t\t<div class=\"elementor-widget-container\">\n\t\t\t\t\t\t\t\t\t\t\t\t\t\t\t<img loading=\"lazy\" decoding=\"async\" width=\"1709\" height=\"2560\" src=\"https:\/\/calaestudi.com\/wp-content\/uploads\/2025\/11\/Saona_Cala-Estudi_Bano-Invitados-1-scaled.jpeg\" class=\"attachment-full size-full wp-image-2010\" alt=\"\" srcset=\"https:\/\/calaestudi.com\/wp-content\/uploads\/2025\/11\/Saona_Cala-Estudi_Bano-Invitados-1-scaled.jpeg 1709w, https:\/\/calaestudi.com\/wp-content\/uploads\/2025\/11\/Saona_Cala-Estudi_Bano-Invitados-1-200x300.jpeg 200w, https:\/\/calaestudi.com\/wp-content\/uploads\/2025\/11\/Saona_Cala-Estudi_Bano-Invitados-1-684x1024.jpeg 684w, https:\/\/calaestudi.com\/wp-content\/uploads\/2025\/11\/Saona_Cala-Estudi_Bano-Invitados-1-768x1150.jpeg 768w, https:\/\/calaestudi.com\/wp-content\/uploads\/2025\/11\/Saona_Cala-Estudi_Bano-Invitados-1-1026x1536.jpeg 1026w, https:\/\/calaestudi.com\/wp-content\/uploads\/2025\/11\/Saona_Cala-Estudi_Bano-Invitados-1-1367x2048.jpeg 1367w, https:\/\/calaestudi.com\/wp-content\/uploads\/2025\/11\/Saona_Cala-Estudi_Bano-Invitados-1-8x12.jpeg 8w\" sizes=\"(max-width: 1709px) 100vw, 1709px\" \/>\t\t\t\t\t\t\t\t\t\t\t\t\t\t\t<\/div>\n\t\t\t\t<\/div>\n\t\t\t\t<div class=\"elementor-element elementor-element-333667a elementor-widget elementor-widget-image\" data-id=\"333667a\" data-element_type=\"widget\" data-widget_type=\"image.default\">\n\t\t\t\t<div class=\"elementor-widget-container\">\n\t\t\t\t\t\t\t\t\t\t\t\t\t\t\t<img loading=\"lazy\" decoding=\"async\" width=\"768\" height=\"1024\" src=\"https:\/\/calaestudi.com\/wp-content\/uploads\/2025\/11\/Saona_Cala-Estudi_Bano-Invitados-2-768x1024.jpg\" class=\"attachment-large size-large wp-image-2009\" alt=\"\" srcset=\"https:\/\/calaestudi.com\/wp-content\/uploads\/2025\/11\/Saona_Cala-Estudi_Bano-Invitados-2-768x1024.jpg 768w, https:\/\/calaestudi.com\/wp-content\/uploads\/2025\/11\/Saona_Cala-Estudi_Bano-Invitados-2-225x300.jpg 225w, https:\/\/calaestudi.com\/wp-content\/uploads\/2025\/11\/Saona_Cala-Estudi_Bano-Invitados-2-1152x1536.jpg 1152w, https:\/\/calaestudi.com\/wp-content\/uploads\/2025\/11\/Saona_Cala-Estudi_Bano-Invitados-2-1536x2048.jpg 1536w, https:\/\/calaestudi.com\/wp-content\/uploads\/2025\/11\/Saona_Cala-Estudi_Bano-Invitados-2-9x12.jpg 9w, https:\/\/calaestudi.com\/wp-content\/uploads\/2025\/11\/Saona_Cala-Estudi_Bano-Invitados-2-scaled.jpg 1920w\" sizes=\"(max-width: 768px) 100vw, 768px\" \/>\t\t\t\t\t\t\t\t\t\t\t\t\t\t\t<\/div>\n\t\t\t\t<\/div>\n\t\t\t\t<\/div>\n\t\t\t\t<\/div>","protected":false},"excerpt":{"rendered":"<p>SAONA CLIENTEPrivado LOCALIZACI\u00d3NBadalona A\u00d1O2024 CATEGOR\u00cdAReforma residencial\u00a0 SUPERF\u00cdCIE90m2 ESTADOFinalizado Espacios de luz y armon\u00eda \u00bfQu\u00e9 es lo que os hace sentir en casa? Para esta pareja, el hogar es sin\u00f3nimo de desconexi\u00f3n, calma y libertad para crear un espacio a su medida. Buscaban un refugio donde relajarse del ritmo diario, un lugar que pudieran decorar a [&hellip;]<\/p>","protected":false},"author":2,"featured_media":0,"parent":0,"menu_order":0,"comment_status":"closed","ping_status":"closed","template":"","meta":{"footnotes":""},"class_list":["post-1997","page","type-page","status-publish","hentry"],"_links":{"self":[{"href":"http:\/\/calaestudi.com\/ca\/wp-json\/wp\/v2\/pages\/1997","targetHints":{"allow":["GET"]}}],"collection":[{"href":"http:\/\/calaestudi.com\/ca\/wp-json\/wp\/v2\/pages"}],"about":[{"href":"http:\/\/calaestudi.com\/ca\/wp-json\/wp\/v2\/types\/page"}],"author":[{"embeddable":true,"href":"http:\/\/calaestudi.com\/ca\/wp-json\/wp\/v2\/users\/2"}],"replies":[{"embeddable":true,"href":"http:\/\/calaestudi.com\/ca\/wp-json\/wp\/v2\/comments?post=1997"}],"version-history":[{"count":22,"href":"http:\/\/calaestudi.com\/ca\/wp-json\/wp\/v2\/pages\/1997\/revisions"}],"predecessor-version":[{"id":2753,"href":"http:\/\/calaestudi.com\/ca\/wp-json\/wp\/v2\/pages\/1997\/revisions\/2753"}],"wp:attachment":[{"href":"http:\/\/calaestudi.com\/ca\/wp-json\/wp\/v2\/media?parent=1997"}],"curies":[{"name":"wp","href":"https:\/\/api.w.org\/{rel}","templated":true}]}}