{"id":1095,"date":"2025-04-11T15:42:32","date_gmt":"2025-04-11T15:42:32","guid":{"rendered":"https:\/\/calaestudi.com\/?page_id=1095"},"modified":"2026-01-07T17:15:28","modified_gmt":"2026-01-07T17:15:28","slug":"calobra-old","status":"publish","type":"page","link":"https:\/\/calaestudi.com\/ca\/calobra\/","title":{"rendered":"Calobra"},"content":{"rendered":"<div data-elementor-type=\"wp-page\" data-elementor-id=\"1095\" class=\"elementor elementor-1095\" data-elementor-post-type=\"page\">\n\t\t\t\t<div class=\"elementor-element elementor-element-cd9c067 e-flex e-con-boxed e-con e-parent\" data-id=\"cd9c067\" data-element_type=\"container\" data-settings=\"{&quot;background_background&quot;:&quot;classic&quot;}\">\n\t\t\t\t\t<div class=\"e-con-inner\">\n\t\t\t\t<div class=\"elementor-element elementor-element-a0d4b0e elementor-widget elementor-widget-spacer\" data-id=\"a0d4b0e\" data-element_type=\"widget\" data-widget_type=\"spacer.default\">\n\t\t\t\t<div class=\"elementor-widget-container\">\n\t\t\t\t\t\t\t<div class=\"elementor-spacer\">\n\t\t\t<div class=\"elementor-spacer-inner\"><\/div>\n\t\t<\/div>\n\t\t\t\t\t\t<\/div>\n\t\t\t\t<\/div>\n\t\t\t\t\t<\/div>\n\t\t\t\t<\/div>\n\t\t<div class=\"elementor-element elementor-element-8aa223e e-flex e-con-boxed e-con e-parent\" data-id=\"8aa223e\" data-element_type=\"container\">\n\t\t\t\t\t<div class=\"e-con-inner\">\n\t\t<div class=\"elementor-element elementor-element-057ed38 e-con-full e-flex e-con e-child\" data-id=\"057ed38\" data-element_type=\"container\">\n\t\t<div class=\"elementor-element elementor-element-82d2e39 e-con-full e-flex e-con e-child\" data-id=\"82d2e39\" data-element_type=\"container\">\n\t\t\t\t<div class=\"elementor-element elementor-element-cc4d202 elementor-widget elementor-widget-text-editor\" data-id=\"cc4d202\" data-element_type=\"widget\" data-widget_type=\"text-editor.default\">\n\t\t\t\t<div class=\"elementor-widget-container\">\n\t\t\t\t\t\t\t\t\t<p>CALOBRA<\/p>\t\t\t\t\t\t\t\t<\/div>\n\t\t\t\t<\/div>\n\t\t\t\t<div class=\"elementor-element elementor-element-b31b3f1 elementor-widget elementor-widget-text-editor\" data-id=\"b31b3f1\" data-element_type=\"widget\" data-widget_type=\"text-editor.default\">\n\t\t\t\t<div class=\"elementor-widget-container\">\n\t\t\t\t\t\t\t\t\t<p>CLIENT<br \/>Privat<\/p><p>LOCALITZACI\u00d3<br \/>Sant Quirze del Vall\u00e8s<\/p><p>ANY<br \/>2024<\/p><p>CATEGORIA<br \/>Residencial<\/p><p>SUPERF\u00cdCIE<br \/>225m2<\/p><p>ESTAT<br \/>Finalitzat<\/p>\t\t\t\t\t\t\t\t<\/div>\n\t\t\t\t<\/div>\n\t\t\t\t<div class=\"elementor-element elementor-element-62cbbde elementor-widget__width-inherit elementor-widget elementor-widget-image\" data-id=\"62cbbde\" data-element_type=\"widget\" data-widget_type=\"image.default\">\n\t\t\t\t<div class=\"elementor-widget-container\">\n\t\t\t\t\t\t\t\t\t\t\t\t\t\t\t<img fetchpriority=\"high\" decoding=\"async\" width=\"2560\" height=\"1360\" src=\"https:\/\/calaestudi.com\/wp-content\/uploads\/2025\/04\/2_page-0001-scaled-e1744883349741.jpg\" class=\"attachment-full size-full wp-image-911\" alt=\"\" srcset=\"https:\/\/calaestudi.com\/wp-content\/uploads\/2025\/04\/2_page-0001-scaled-e1744883349741.jpg 2560w, https:\/\/calaestudi.com\/wp-content\/uploads\/2025\/04\/2_page-0001-scaled-e1744883349741-300x159.jpg 300w, https:\/\/calaestudi.com\/wp-content\/uploads\/2025\/04\/2_page-0001-scaled-e1744883349741-1024x544.jpg 1024w, https:\/\/calaestudi.com\/wp-content\/uploads\/2025\/04\/2_page-0001-scaled-e1744883349741-768x408.jpg 768w, https:\/\/calaestudi.com\/wp-content\/uploads\/2025\/04\/2_page-0001-scaled-e1744883349741-1536x816.jpg 1536w, https:\/\/calaestudi.com\/wp-content\/uploads\/2025\/04\/2_page-0001-scaled-e1744883349741-2048x1088.jpg 2048w, https:\/\/calaestudi.com\/wp-content\/uploads\/2025\/04\/2_page-0001-scaled-e1744883349741-18x10.jpg 18w\" sizes=\"(max-width: 2560px) 100vw, 2560px\" \/>\t\t\t\t\t\t\t\t\t\t\t\t\t\t\t<\/div>\n\t\t\t\t<\/div>\n\t\t\t\t<\/div>\n\t\t\t\t<\/div>\n\t\t<div class=\"elementor-element elementor-element-4b9f7ab e-con-full e-flex e-con e-child\" data-id=\"4b9f7ab\" data-element_type=\"container\">\n\t\t\t\t<div class=\"elementor-element elementor-element-0285527 elementor-widget elementor-widget-image\" data-id=\"0285527\" data-element_type=\"widget\" data-widget_type=\"image.default\">\n\t\t\t\t<div class=\"elementor-widget-container\">\n\t\t\t\t\t\t\t\t\t\t\t\t\t\t\t<img decoding=\"async\" width=\"3072\" height=\"3072\" src=\"https:\/\/calaestudi.com\/wp-content\/uploads\/2025\/04\/Calobra_Exterior_Obra-Nova.png\" class=\"attachment-full size-full wp-image-1337\" alt=\"\" srcset=\"https:\/\/calaestudi.com\/wp-content\/uploads\/2025\/04\/Calobra_Exterior_Obra-Nova.png 3072w, https:\/\/calaestudi.com\/wp-content\/uploads\/2025\/04\/Calobra_Exterior_Obra-Nova-300x300.png 300w, https:\/\/calaestudi.com\/wp-content\/uploads\/2025\/04\/Calobra_Exterior_Obra-Nova-1024x1024.png 1024w, https:\/\/calaestudi.com\/wp-content\/uploads\/2025\/04\/Calobra_Exterior_Obra-Nova-150x150.png 150w, https:\/\/calaestudi.com\/wp-content\/uploads\/2025\/04\/Calobra_Exterior_Obra-Nova-768x768.png 768w, https:\/\/calaestudi.com\/wp-content\/uploads\/2025\/04\/Calobra_Exterior_Obra-Nova-1536x1536.png 1536w, https:\/\/calaestudi.com\/wp-content\/uploads\/2025\/04\/Calobra_Exterior_Obra-Nova-2048x2048.png 2048w, https:\/\/calaestudi.com\/wp-content\/uploads\/2025\/04\/Calobra_Exterior_Obra-Nova-12x12.png 12w\" sizes=\"(max-width: 3072px) 100vw, 3072px\" \/>\t\t\t\t\t\t\t\t\t\t\t\t\t\t\t<\/div>\n\t\t\t\t<\/div>\n\t\t\t\t<\/div>\n\t\t\t\t\t<\/div>\n\t\t\t\t<\/div>\n\t\t<div class=\"elementor-element elementor-element-abe9ab4 e-flex e-con-boxed e-con e-parent\" data-id=\"abe9ab4\" data-element_type=\"container\">\n\t\t\t\t\t<div class=\"e-con-inner\">\n\t\t<div class=\"elementor-element elementor-element-78085d7 e-con-full e-flex e-con e-child\" data-id=\"78085d7\" data-element_type=\"container\">\n\t\t\t\t<div class=\"elementor-element elementor-element-172abde elementor-widget elementor-widget-text-editor\" data-id=\"172abde\" data-element_type=\"widget\" data-widget_type=\"text-editor.default\">\n\t\t\t\t<div class=\"elementor-widget-container\">\n\t\t\t\t\t\t\t\t\t<p>El disseny personalitzat in-situ<\/p>\t\t\t\t\t\t\t\t<\/div>\n\t\t\t\t<\/div>\n\t\t\t\t<div class=\"elementor-element elementor-element-97c5398 elementor-widget elementor-widget-text-editor\" data-id=\"97c5398\" data-element_type=\"widget\" data-widget_type=\"text-editor.default\">\n\t\t\t\t<div class=\"elementor-widget-container\">\n\t\t\t\t\t\t\t\t\t<p><strong>Qu\u00e8 us fa sentir a casa?<\/strong>\u00a0Per a aquesta fam\u00edlia \u00e9s un espai exterior on compartir moments, jugar i gaudir de la natura. Un jard\u00ed que es converteix en una extensi\u00f3 de la llar, oferint llibertat i connexi\u00f3 amb l&#039;entorn.<\/p>\t\t\t\t\t\t\t\t<\/div>\n\t\t\t\t<\/div>\n\t\t\t\t<\/div>\n\t\t<div class=\"elementor-element elementor-element-6d2d660 e-con-full e-flex e-con e-child\" data-id=\"6d2d660\" data-element_type=\"container\">\n\t\t\t\t<div class=\"elementor-element elementor-element-922bd23 elementor-widget elementor-widget-image\" data-id=\"922bd23\" data-element_type=\"widget\" data-widget_type=\"image.default\">\n\t\t\t\t<div class=\"elementor-widget-container\">\n\t\t\t\t\t\t\t\t\t\t\t\t\t\t\t<img decoding=\"async\" width=\"800\" height=\"1016\" src=\"https:\/\/calaestudi.com\/wp-content\/uploads\/2025\/04\/Calobra_Acabado-Interior-Comedor-scaled-e1744883881392-806x1024.jpg\" class=\"attachment-large size-large wp-image-1098\" alt=\"\" srcset=\"https:\/\/calaestudi.com\/wp-content\/uploads\/2025\/04\/Calobra_Acabado-Interior-Comedor-scaled-e1744883881392-806x1024.jpg 806w, https:\/\/calaestudi.com\/wp-content\/uploads\/2025\/04\/Calobra_Acabado-Interior-Comedor-scaled-e1744883881392-236x300.jpg 236w, https:\/\/calaestudi.com\/wp-content\/uploads\/2025\/04\/Calobra_Acabado-Interior-Comedor-scaled-e1744883881392-768x975.jpg 768w, https:\/\/calaestudi.com\/wp-content\/uploads\/2025\/04\/Calobra_Acabado-Interior-Comedor-scaled-e1744883881392-1209x1536.jpg 1209w, https:\/\/calaestudi.com\/wp-content\/uploads\/2025\/04\/Calobra_Acabado-Interior-Comedor-scaled-e1744883881392-1612x2048.jpg 1612w, https:\/\/calaestudi.com\/wp-content\/uploads\/2025\/04\/Calobra_Acabado-Interior-Comedor-scaled-e1744883881392-9x12.jpg 9w, https:\/\/calaestudi.com\/wp-content\/uploads\/2025\/04\/Calobra_Acabado-Interior-Comedor-scaled-e1744883881392.jpg 1710w\" sizes=\"(max-width: 800px) 100vw, 800px\" \/>\t\t\t\t\t\t\t\t\t\t\t\t\t\t\t<\/div>\n\t\t\t\t<\/div>\n\t\t\t\t<\/div>\n\t\t\t\t\t<\/div>\n\t\t\t\t<\/div>\n\t\t<div class=\"elementor-element elementor-element-c81a864 e-flex e-con-boxed e-con e-parent\" data-id=\"c81a864\" data-element_type=\"container\">\n\t\t\t\t\t<div class=\"e-con-inner\">\n\t\t<div class=\"elementor-element elementor-element-74bd835 e-con-full e-flex e-con e-child\" data-id=\"74bd835\" data-element_type=\"container\">\n\t\t\t\t<div class=\"elementor-element elementor-element-1c1219f elementor-widget elementor-widget-text-editor\" data-id=\"1c1219f\" data-element_type=\"widget\" data-widget_type=\"text-editor.default\">\n\t\t\t\t<div class=\"elementor-widget-container\">\n\t\t\t\t\t\t\t\t\t<p>El projecte s&#039;ubica a una parcel\u00b7la de gran dimensi\u00f3 envoltada de bosc al final d&#039;un carrer. Per aix\u00f2, la proposta relaciona la nova arquitectura amb la flora i la fauna de l&#039;empla\u00e7ament, mimetitzant al m\u00e0xim amb l&#039;entorn mitjan\u00e7ant un estil d&#039;acabats mediterranis.\u00a0<\/p><p>L\u00b4habitatge es configura en una \u00fanica planta per accentuar l\u00b4horitzontalitat, que contrasta amb els accessos verticals i relaciona l\u00b4interior amb l\u00b4exterior. Grans obertures vidriades s&#039;emmarquen amb una visera que protegir\u00e0 de l&#039;assoleig a l&#039;estiu i permetr\u00e0 l&#039;entrada de sol a l&#039;hivern i relaciona la sala amb la zona del porxo i la piscina.<\/p>\t\t\t\t\t\t\t\t<\/div>\n\t\t\t\t<\/div>\n\t\t\t\t<\/div>\n\t\t\t\t\t<\/div>\n\t\t\t\t<\/div>\n\t\t<div class=\"elementor-element elementor-element-1ea0b47 e-flex e-con-boxed e-con e-parent\" data-id=\"1ea0b47\" data-element_type=\"container\">\n\t\t\t\t\t<div class=\"e-con-inner\">\n\t\t<div class=\"elementor-element elementor-element-932a195 e-con-full e-flex e-con e-child\" data-id=\"932a195\" data-element_type=\"container\">\n\t\t\t\t<div class=\"elementor-element elementor-element-78a797c elementor-widget elementor-widget-image\" data-id=\"78a797c\" data-element_type=\"widget\" data-widget_type=\"image.default\">\n\t\t\t\t<div class=\"elementor-widget-container\">\n\t\t\t\t\t\t\t\t\t\t\t\t\t\t\t<img loading=\"lazy\" decoding=\"async\" width=\"684\" height=\"1024\" src=\"https:\/\/calaestudi.com\/wp-content\/uploads\/2025\/04\/Calobra_Acabado-Interior-Vestidor-684x1024.png\" class=\"attachment-large size-large wp-image-1099\" alt=\"\" srcset=\"https:\/\/calaestudi.com\/wp-content\/uploads\/2025\/04\/Calobra_Acabado-Interior-Vestidor-684x1024.png 684w, https:\/\/calaestudi.com\/wp-content\/uploads\/2025\/04\/Calobra_Acabado-Interior-Vestidor-200x300.png 200w, https:\/\/calaestudi.com\/wp-content\/uploads\/2025\/04\/Calobra_Acabado-Interior-Vestidor-768x1150.png 768w, https:\/\/calaestudi.com\/wp-content\/uploads\/2025\/04\/Calobra_Acabado-Interior-Vestidor-1026x1536.png 1026w, https:\/\/calaestudi.com\/wp-content\/uploads\/2025\/04\/Calobra_Acabado-Interior-Vestidor-1368x2048.png 1368w, https:\/\/calaestudi.com\/wp-content\/uploads\/2025\/04\/Calobra_Acabado-Interior-Vestidor-8x12.png 8w\" sizes=\"(max-width: 684px) 100vw, 684px\" \/>\t\t\t\t\t\t\t\t\t\t\t\t\t\t\t<\/div>\n\t\t\t\t<\/div>\n\t\t\t\t<\/div>\n\t\t<div class=\"elementor-element elementor-element-4a5e378 e-con-full e-flex e-con e-child\" data-id=\"4a5e378\" data-element_type=\"container\">\n\t\t<div class=\"elementor-element elementor-element-03b925b e-con-full e-flex e-con e-child\" data-id=\"03b925b\" data-element_type=\"container\">\n\t\t\t\t<div class=\"elementor-element elementor-element-f075062 elementor-widget elementor-widget-text-editor\" data-id=\"f075062\" data-element_type=\"widget\" data-widget_type=\"text-editor.default\">\n\t\t\t\t<div class=\"elementor-widget-container\">\n\t\t\t\t\t\t\t\t\t<p>Petites reculades en planta acaben configurant el per\u00edmetre constru\u00eft, que es maximitza gr\u00e0cies a aquests buidatges estrat\u00e8gics que aporten llum i apropen la natura a l&#039;interior. La distribuci\u00f3 col\u00b7loca les peces humides menys concorregudes al nord, a l&#039;orientaci\u00f3 menys favorable, i les habitacions i sales principals al sud.<\/p><p>Finalment el jard\u00ed s\u00b4est\u00e9n per l\u00b4espai restant amb esp\u00e8cies aut\u00f2ctones d\u00b4arbrat i abra\u00e7a l\u00b4acc\u00e9s a la parcel\u00b7la, resolt amb un cam\u00ed sinu\u00f3s que va pujant lentament, acompanyat d\u00b4una zona d\u00b4arom\u00e0tiques.<\/p><p>\u00a0<\/p>\t\t\t\t\t\t\t\t<\/div>\n\t\t\t\t<\/div>\n\t\t\t\t<\/div>\n\t\t<div class=\"elementor-element elementor-element-9b77dba e-con-full e-flex e-con e-child\" data-id=\"9b77dba\" data-element_type=\"container\">\n\t\t\t\t<div class=\"elementor-element elementor-element-a154a0f elementor-widget elementor-widget-image\" data-id=\"a154a0f\" data-element_type=\"widget\" data-widget_type=\"image.default\">\n\t\t\t\t<div class=\"elementor-widget-container\">\n\t\t\t\t\t\t\t\t\t\t\t\t\t\t\t<img loading=\"lazy\" decoding=\"async\" width=\"800\" height=\"800\" src=\"https:\/\/calaestudi.com\/wp-content\/uploads\/2025\/04\/3_pages-to-jpg-0001-1024x1024.jpg\" class=\"attachment-large size-large wp-image-912\" alt=\"\" srcset=\"https:\/\/calaestudi.com\/wp-content\/uploads\/2025\/04\/3_pages-to-jpg-0001-1024x1024.jpg 1024w, https:\/\/calaestudi.com\/wp-content\/uploads\/2025\/04\/3_pages-to-jpg-0001-300x300.jpg 300w, https:\/\/calaestudi.com\/wp-content\/uploads\/2025\/04\/3_pages-to-jpg-0001-150x150.jpg 150w, https:\/\/calaestudi.com\/wp-content\/uploads\/2025\/04\/3_pages-to-jpg-0001-768x768.jpg 768w, https:\/\/calaestudi.com\/wp-content\/uploads\/2025\/04\/3_pages-to-jpg-0001-1536x1536.jpg 1536w, https:\/\/calaestudi.com\/wp-content\/uploads\/2025\/04\/3_pages-to-jpg-0001-2048x2048.jpg 2048w, https:\/\/calaestudi.com\/wp-content\/uploads\/2025\/04\/3_pages-to-jpg-0001-12x12.jpg 12w\" sizes=\"(max-width: 800px) 100vw, 800px\" \/>\t\t\t\t\t\t\t\t\t\t\t\t\t\t\t<\/div>\n\t\t\t\t<\/div>\n\t\t\t\t<\/div>\n\t\t\t\t<\/div>\n\t\t\t\t\t<\/div>\n\t\t\t\t<\/div>\n\t\t<div class=\"elementor-element elementor-element-2a171b9 e-flex e-con-boxed e-con e-parent\" data-id=\"2a171b9\" data-element_type=\"container\">\n\t\t\t\t\t<div class=\"e-con-inner\">\n\t\t\t\t\t<\/div>\n\t\t\t\t<\/div>\n\t\t\t\t<\/div>","protected":false},"excerpt":{"rendered":"<p>CALOBRA CLIENTEprivat LOCALITZACI\u00d3Sant Quirze del Vall\u00e8s ANY2024 CATEGORIAresidencial SUPERF\u00cdCIE225m2 ESTATFinalitzat El disseny personalitzat in-situ Qu\u00e8 \u00e9s el que us fa sentir a casa? Per a aquesta fam\u00edlia, \u00e9s un espai exterior on compartir moments, jugar i gaudir de la natura. Un jard\u00ed que es converteix en una extensi\u00f3 de casa, oferint llibertat i connexi\u00f3 amb l&#039;entorn. [\u2026]<\/p>","protected":false},"author":2,"featured_media":0,"parent":0,"menu_order":0,"comment_status":"closed","ping_status":"closed","template":"","meta":{"footnotes":""},"class_list":["post-1095","page","type-page","status-publish","hentry"],"_links":{"self":[{"href":"https:\/\/calaestudi.com\/ca\/wp-json\/wp\/v2\/pages\/1095","targetHints":{"allow":["GET"]}}],"collection":[{"href":"https:\/\/calaestudi.com\/ca\/wp-json\/wp\/v2\/pages"}],"about":[{"href":"https:\/\/calaestudi.com\/ca\/wp-json\/wp\/v2\/types\/page"}],"author":[{"embeddable":true,"href":"https:\/\/calaestudi.com\/ca\/wp-json\/wp\/v2\/users\/2"}],"replies":[{"embeddable":true,"href":"https:\/\/calaestudi.com\/ca\/wp-json\/wp\/v2\/comments?post=1095"}],"version-history":[{"count":20,"href":"https:\/\/calaestudi.com\/ca\/wp-json\/wp\/v2\/pages\/1095\/revisions"}],"predecessor-version":[{"id":2738,"href":"https:\/\/calaestudi.com\/ca\/wp-json\/wp\/v2\/pages\/1095\/revisions\/2738"}],"wp:attachment":[{"href":"https:\/\/calaestudi.com\/ca\/wp-json\/wp\/v2\/media?parent=1095"}],"curies":[{"name":"wp","href":"https:\/\/api.w.org\/{rel}","templated":true}]}}