{"id":150,"date":"2025-01-29T11:51:38","date_gmt":"2025-01-29T11:51:38","guid":{"rendered":"https:\/\/calaestudi.com\/?page_id=150"},"modified":"2026-01-12T14:52:51","modified_gmt":"2026-01-12T14:52:51","slug":"gonone-old","status":"publish","type":"page","link":"https:\/\/calaestudi.com\/ca\/gonone\/","title":{"rendered":"Gonone"},"content":{"rendered":"<div data-elementor-type=\"wp-page\" data-elementor-id=\"150\" class=\"elementor elementor-150\" data-elementor-post-type=\"page\">\n\t\t\t\t<div class=\"elementor-element elementor-element-ce80d10 e-flex e-con-boxed e-con e-parent\" data-id=\"ce80d10\" data-element_type=\"container\" data-settings=\"{&quot;background_background&quot;:&quot;classic&quot;}\">\n\t\t\t\t\t<div class=\"e-con-inner\">\n\t\t\t\t<div class=\"elementor-element elementor-element-1b44f98 elementor-widget elementor-widget-spacer\" data-id=\"1b44f98\" data-element_type=\"widget\" data-widget_type=\"spacer.default\">\n\t\t\t\t<div class=\"elementor-widget-container\">\n\t\t\t\t\t\t\t<div class=\"elementor-spacer\">\n\t\t\t<div class=\"elementor-spacer-inner\"><\/div>\n\t\t<\/div>\n\t\t\t\t\t\t<\/div>\n\t\t\t\t<\/div>\n\t\t\t\t\t<\/div>\n\t\t\t\t<\/div>\n\t\t<div class=\"elementor-element elementor-element-ec57061 e-flex e-con-boxed e-con e-parent\" data-id=\"ec57061\" data-element_type=\"container\">\n\t\t\t\t\t<div class=\"e-con-inner\">\n\t\t<div class=\"elementor-element elementor-element-54ad68c e-con-full e-flex e-con e-child\" data-id=\"54ad68c\" data-element_type=\"container\">\n\t\t<div class=\"elementor-element elementor-element-1ad16b2 e-con-full e-flex e-con e-child\" data-id=\"1ad16b2\" data-element_type=\"container\">\n\t\t\t\t<div class=\"elementor-element elementor-element-68fc6de elementor-widget elementor-widget-text-editor\" data-id=\"68fc6de\" data-element_type=\"widget\" data-widget_type=\"text-editor.default\">\n\t\t\t\t<div class=\"elementor-widget-container\">\n\t\t\t\t\t\t\t\t\t<p><span style=\"color: #030140;\">GONONE<\/span><\/p>\t\t\t\t\t\t\t\t<\/div>\n\t\t\t\t<\/div>\n\t\t\t\t<\/div>\n\t\t<div class=\"elementor-element elementor-element-90a38db e-con-full e-flex e-con e-child\" data-id=\"90a38db\" data-element_type=\"container\">\n\t\t\t\t<div class=\"elementor-element elementor-element-8c4a182 elementor-widget elementor-widget-text-editor\" data-id=\"8c4a182\" data-element_type=\"widget\" data-widget_type=\"text-editor.default\">\n\t\t\t\t<div class=\"elementor-widget-container\">\n\t\t\t\t\t\t\t\t\t<p><span style=\"color: #030140;\">CLIENT<\/span><br \/><span style=\"color: #030140;\">Privat<\/span><\/p><p><span style=\"color: #030140;\">LOCALITZACI\u00d3<\/span><br \/><span style=\"color: #030140;\">Lli\u00e7\u00e0 d&#039;Amunt<\/span><\/p><p><span style=\"color: #030140;\">ANY<\/span><br \/><span style=\"color: #030140;\">2021<\/span><\/p><p><span style=\"color: #030140;\">CATEGORIA<\/span><br \/><span style=\"color: #030140;\">Residencial<\/span><\/p><p><span style=\"color: #030140;\">SUPERF\u00cdCIE<\/span><br \/><span style=\"color: #030140;\">220m2<\/span><\/p><p><span style=\"color: #030140;\">ESTAT<\/span><br \/><span style=\"color: #030140;\">Finalitzat<\/span><\/p>\t\t\t\t\t\t\t\t<\/div>\n\t\t\t\t<\/div>\n\t\t\t\t<\/div>\n\t\t<div class=\"elementor-element elementor-element-b3bd414 e-con-full e-flex e-con e-child\" data-id=\"b3bd414\" data-element_type=\"container\">\n\t\t\t\t<div class=\"elementor-element elementor-element-7bfd71a elementor-widget elementor-widget-image\" data-id=\"7bfd71a\" data-element_type=\"widget\" data-widget_type=\"image.default\">\n\t\t\t\t<div class=\"elementor-widget-container\">\n\t\t\t\t\t\t\t\t\t\t\t\t\t\t\t<img fetchpriority=\"high\" decoding=\"async\" width=\"800\" height=\"430\" src=\"https:\/\/calaestudi.com\/wp-content\/uploads\/2025\/04\/PB-scaled-e1744889019855-1024x551.jpg\" class=\"attachment-large size-large wp-image-1547\" alt=\"\" srcset=\"https:\/\/calaestudi.com\/wp-content\/uploads\/2025\/04\/PB-scaled-e1744889019855-1024x551.jpg 1024w, https:\/\/calaestudi.com\/wp-content\/uploads\/2025\/04\/PB-scaled-e1744889019855-300x161.jpg 300w, https:\/\/calaestudi.com\/wp-content\/uploads\/2025\/04\/PB-scaled-e1744889019855-768x413.jpg 768w, https:\/\/calaestudi.com\/wp-content\/uploads\/2025\/04\/PB-scaled-e1744889019855-1536x827.jpg 1536w, https:\/\/calaestudi.com\/wp-content\/uploads\/2025\/04\/PB-scaled-e1744889019855-2048x1102.jpg 2048w, https:\/\/calaestudi.com\/wp-content\/uploads\/2025\/04\/PB-scaled-e1744889019855-18x10.jpg 18w\" sizes=\"(max-width: 800px) 100vw, 800px\" \/>\t\t\t\t\t\t\t\t\t\t\t\t\t\t\t<\/div>\n\t\t\t\t<\/div>\n\t\t\t\t<\/div>\n\t\t\t\t<\/div>\n\t\t<div class=\"elementor-element elementor-element-db0b06f e-con-full e-flex e-con e-child\" data-id=\"db0b06f\" data-element_type=\"container\">\n\t\t\t\t<div class=\"elementor-element elementor-element-c4a5121 elementor-widget elementor-widget-image\" data-id=\"c4a5121\" data-element_type=\"widget\" data-widget_type=\"image.default\">\n\t\t\t\t<div class=\"elementor-widget-container\">\n\t\t\t\t\t\t\t\t\t\t\t\t\t\t\t<img decoding=\"async\" width=\"684\" height=\"1024\" src=\"https:\/\/calaestudi.com\/wp-content\/uploads\/2025\/11\/cala-estudi_gonone_fachada-1-684x1024.jpg\" class=\"attachment-large size-large wp-image-1987\" alt=\"Fa\u00e7ana de Gonone, una casa a Lli\u00e7a d&#039;Amunt dissenyada per Cala Estudi\" srcset=\"https:\/\/calaestudi.com\/wp-content\/uploads\/2025\/11\/cala-estudi_gonone_fachada-1-684x1024.jpg 684w, https:\/\/calaestudi.com\/wp-content\/uploads\/2025\/11\/cala-estudi_gonone_fachada-1-200x300.jpg 200w, https:\/\/calaestudi.com\/wp-content\/uploads\/2025\/11\/cala-estudi_gonone_fachada-1-768x1150.jpg 768w, https:\/\/calaestudi.com\/wp-content\/uploads\/2025\/11\/cala-estudi_gonone_fachada-1-1026x1536.jpg 1026w, https:\/\/calaestudi.com\/wp-content\/uploads\/2025\/11\/cala-estudi_gonone_fachada-1-8x12.jpg 8w, https:\/\/calaestudi.com\/wp-content\/uploads\/2025\/11\/cala-estudi_gonone_fachada-1.jpg 1368w\" sizes=\"(max-width: 684px) 100vw, 684px\" \/>\t\t\t\t\t\t\t\t\t\t\t\t\t\t\t<\/div>\n\t\t\t\t<\/div>\n\t\t\t\t<\/div>\n\t\t\t\t\t<\/div>\n\t\t\t\t<\/div>\n\t\t<div class=\"elementor-element elementor-element-dadbced e-flex e-con-boxed e-con e-parent\" data-id=\"dadbced\" data-element_type=\"container\">\n\t\t\t\t\t<div class=\"e-con-inner\">\n\t\t<div class=\"elementor-element elementor-element-743f5d7 e-con-full e-flex e-con e-child\" data-id=\"743f5d7\" data-element_type=\"container\">\n\t\t\t\t<div class=\"elementor-element elementor-element-a926e88 elementor-widget elementor-widget-image\" data-id=\"a926e88\" data-element_type=\"widget\" data-widget_type=\"image.default\">\n\t\t\t\t<div class=\"elementor-widget-container\">\n\t\t\t\t\t\t\t\t\t\t\t\t\t\t\t<img decoding=\"async\" width=\"683\" height=\"1024\" src=\"https:\/\/calaestudi.com\/wp-content\/uploads\/2025\/11\/cala-estudi_gonone_exterior-2-683x1024.jpg\" class=\"attachment-large size-large wp-image-1990\" alt=\"\" srcset=\"https:\/\/calaestudi.com\/wp-content\/uploads\/2025\/11\/cala-estudi_gonone_exterior-2-683x1024.jpg 683w, https:\/\/calaestudi.com\/wp-content\/uploads\/2025\/11\/cala-estudi_gonone_exterior-2-200x300.jpg 200w, https:\/\/calaestudi.com\/wp-content\/uploads\/2025\/11\/cala-estudi_gonone_exterior-2-768x1152.jpg 768w, https:\/\/calaestudi.com\/wp-content\/uploads\/2025\/11\/cala-estudi_gonone_exterior-2-8x12.jpg 8w, https:\/\/calaestudi.com\/wp-content\/uploads\/2025\/11\/cala-estudi_gonone_exterior-2.jpg 832w\" sizes=\"(max-width: 683px) 100vw, 683px\" \/>\t\t\t\t\t\t\t\t\t\t\t\t\t\t\t<\/div>\n\t\t\t\t<\/div>\n\t\t\t\t<\/div>\n\t\t<div class=\"elementor-element elementor-element-9c89b46 e-con-full e-flex e-con e-child\" data-id=\"9c89b46\" data-element_type=\"container\">\n\t\t\t\t<div class=\"elementor-element elementor-element-8c9fcf7 elementor-widget elementor-widget-text-editor\" data-id=\"8c9fcf7\" data-element_type=\"widget\" data-widget_type=\"text-editor.default\">\n\t\t\t\t<div class=\"elementor-widget-container\">\n\t\t\t\t\t\t\t\t\t<p style=\"text-align: left;\"><span style=\"color: #030140;\">L&#039;exactitud del prefabricat<\/span><\/p>\t\t\t\t\t\t\t\t<\/div>\n\t\t\t\t<\/div>\n\t\t\t\t<div class=\"elementor-element elementor-element-f57caa6 elementor-widget elementor-widget-text-editor\" data-id=\"f57caa6\" data-element_type=\"widget\" data-widget_type=\"text-editor.default\">\n\t\t\t\t<div class=\"elementor-widget-container\">\n\t\t\t\t\t\t\t\t\t<p><span style=\"color: #030140;\"><strong>Qu\u00e8 us fa sentir a casa?<\/strong> Per a aquesta fam\u00edlia, la separaci\u00f3 entre les \u00e0rees de dia i de nit \u00e9s essencial. Durant la setmana, cada espai compleix la seva funci\u00f3, oferint privadesa i descans, mentre que els caps de setmana, la zona d&#039;estar es converteix al cor de la llar, un lloc de trobada i conviv\u00e8ncia. A m\u00e9s, hi ha un element que sempre ha format part dels seus habitatges: una olivera, s\u00edmbol de les seves arrels i la seva hist\u00f2ria, que ser\u00e0 protagonista al projecte.<\/span><\/p>\t\t\t\t\t\t\t\t<\/div>\n\t\t\t\t<\/div>\n\t\t\t\t<\/div>\n\t\t\t\t\t<\/div>\n\t\t\t\t<\/div>\n\t\t<div class=\"elementor-element elementor-element-9cbf224 e-flex e-con-boxed e-con e-parent\" data-id=\"9cbf224\" data-element_type=\"container\">\n\t\t\t\t\t<div class=\"e-con-inner\">\n\t\t<div class=\"elementor-element elementor-element-1ed4b0e e-con-full e-flex e-con e-child\" data-id=\"1ed4b0e\" data-element_type=\"container\">\n\t\t\t\t<div class=\"elementor-element elementor-element-6b7ff3e elementor-widget elementor-widget-text-editor\" data-id=\"6b7ff3e\" data-element_type=\"widget\" data-widget_type=\"text-editor.default\">\n\t\t\t\t<div class=\"elementor-widget-container\">\n\t\t\t\t\t\t\t\t\t<p><span style=\"color: #030140;\">El projecte s&#039;ubica a una zona residencial molt tranquil\u00b7la, en contacte amb la natura ia pocs minuts del centre del poble. La parcel\u00b7la, de forma rectangular, limita al nord amb el carrer i s&#039;obre al bosc al sud.<\/span><\/p><p><span style=\"color: #030140;\">La inserci\u00f3 d&#039;un arbre en una de les reculades centrals estira verticalment la proposta i organitza els espais de circulaci\u00f3 i estada, juntament amb l&#039;escala que puja a la primera planta. A l\u00b4interior, els acabats de tons c\u00e0lids contrasten amb l\u00b4exterior blanc, m\u00e9s fred, que serveix de fons de tel\u00f3 de l\u00b4arbre.\u00a0<\/span><\/p>\t\t\t\t\t\t\t\t<\/div>\n\t\t\t\t<\/div>\n\t\t\t\t<\/div>\n\t\t\t\t\t<\/div>\n\t\t\t\t<\/div>\n\t\t<div class=\"elementor-element elementor-element-6f94fcd e-flex e-con-boxed e-con e-parent\" data-id=\"6f94fcd\" data-element_type=\"container\">\n\t\t\t\t\t<div class=\"e-con-inner\">\n\t\t<div class=\"elementor-element elementor-element-e6e072d e-con-full e-flex e-con e-child\" data-id=\"e6e072d\" data-element_type=\"container\">\n\t\t\t\t<div class=\"elementor-element elementor-element-d4fbc93 elementor-widget elementor-widget-image\" data-id=\"d4fbc93\" data-element_type=\"widget\" data-widget_type=\"image.default\">\n\t\t\t\t<div class=\"elementor-widget-container\">\n\t\t\t\t\t\t\t\t\t\t\t\t\t\t\t<img loading=\"lazy\" decoding=\"async\" width=\"768\" height=\"1024\" src=\"https:\/\/calaestudi.com\/wp-content\/uploads\/2025\/11\/cala-estudi_gonone_escalera-2-768x1024.jpg\" class=\"attachment-large size-large wp-image-1992\" alt=\"\" srcset=\"https:\/\/calaestudi.com\/wp-content\/uploads\/2025\/11\/cala-estudi_gonone_escalera-2-768x1024.jpg 768w, https:\/\/calaestudi.com\/wp-content\/uploads\/2025\/11\/cala-estudi_gonone_escalera-2-225x300.jpg 225w, https:\/\/calaestudi.com\/wp-content\/uploads\/2025\/11\/cala-estudi_gonone_escalera-2-1152x1536.jpg 1152w, https:\/\/calaestudi.com\/wp-content\/uploads\/2025\/11\/cala-estudi_gonone_escalera-2-9x12.jpg 9w, https:\/\/calaestudi.com\/wp-content\/uploads\/2025\/11\/cala-estudi_gonone_escalera-2.jpg 1536w\" sizes=\"(max-width: 768px) 100vw, 768px\" \/>\t\t\t\t\t\t\t\t\t\t\t\t\t\t\t<\/div>\n\t\t\t\t<\/div>\n\t\t\t\t<\/div>\n\t\t<div class=\"elementor-element elementor-element-adc3324 e-con-full e-flex e-con e-child\" data-id=\"adc3324\" data-element_type=\"container\">\n\t\t\t\t<div class=\"elementor-element elementor-element-aee52ca elementor-widget elementor-widget-image\" data-id=\"aee52ca\" data-element_type=\"widget\" data-widget_type=\"image.default\">\n\t\t\t\t<div class=\"elementor-widget-container\">\n\t\t\t\t\t\t\t\t\t\t\t\t\t\t\t<img loading=\"lazy\" decoding=\"async\" width=\"762\" height=\"1024\" src=\"https:\/\/calaestudi.com\/wp-content\/uploads\/2025\/11\/cala-estudi_gonone_escalera-762x1024.jpg\" class=\"attachment-large size-large wp-image-1991\" alt=\"\" srcset=\"https:\/\/calaestudi.com\/wp-content\/uploads\/2025\/11\/cala-estudi_gonone_escalera-762x1024.jpg 762w, https:\/\/calaestudi.com\/wp-content\/uploads\/2025\/11\/cala-estudi_gonone_escalera-223x300.jpg 223w, https:\/\/calaestudi.com\/wp-content\/uploads\/2025\/11\/cala-estudi_gonone_escalera-768x1032.jpg 768w, https:\/\/calaestudi.com\/wp-content\/uploads\/2025\/11\/cala-estudi_gonone_escalera-1143x1536.jpg 1143w, https:\/\/calaestudi.com\/wp-content\/uploads\/2025\/11\/cala-estudi_gonone_escalera-9x12.jpg 9w, https:\/\/calaestudi.com\/wp-content\/uploads\/2025\/11\/cala-estudi_gonone_escalera.jpg 1524w\" sizes=\"(max-width: 762px) 100vw, 762px\" \/>\t\t\t\t\t\t\t\t\t\t\t\t\t\t\t<\/div>\n\t\t\t\t<\/div>\n\t\t\t\t<\/div>\n\t\t\t\t\t<\/div>\n\t\t\t\t<\/div>\n\t\t<div class=\"elementor-element elementor-element-7aab1a2 e-flex e-con-boxed e-con e-parent\" data-id=\"7aab1a2\" data-element_type=\"container\">\n\t\t\t\t\t<div class=\"e-con-inner\">\n\t\t<div class=\"elementor-element elementor-element-cbf7642 e-con-full e-flex e-con e-child\" data-id=\"cbf7642\" data-element_type=\"container\">\n\t\t\t\t<div class=\"elementor-element elementor-element-15e7ff4 elementor-widget elementor-widget-text-editor\" data-id=\"15e7ff4\" data-element_type=\"widget\" data-widget_type=\"text-editor.default\">\n\t\t\t\t<div class=\"elementor-widget-container\">\n\t\t\t\t\t\t\t\t\t<p><span style=\"color: #030140;\">El programa s&#039;organitza per plantes creant una zona m\u00e9s \u00edntima per a la fam\u00edlia a planta primera i deixant la zona de dia a planta baixa, en relaci\u00f3 amb la piscina i l&#039;espai exterior.<\/span><\/p><p><span style=\"color: #030140;\">La cuina, oberta i lluminosa, se situa com una pe\u00e7a central a la planta baixa, afavorint la relaci\u00f3 directa amb el menjador i l&#039;exterior i convertint-se en un punt de trobada quotidiana.<\/span><\/p>\t\t\t\t\t\t\t\t<\/div>\n\t\t\t\t<\/div>\n\t\t\t\t<\/div>\n\t\t\t\t\t<\/div>\n\t\t\t\t<\/div>\n\t\t<div class=\"elementor-element elementor-element-252eaab e-con-full e-flex e-con e-parent\" data-id=\"252eaab\" data-element_type=\"container\">\n\t\t<div class=\"elementor-element elementor-element-470b321 e-flex e-con-boxed e-con e-child\" data-id=\"470b321\" data-element_type=\"container\">\n\t\t\t\t\t<div class=\"e-con-inner\">\n\t\t\t\t<div class=\"elementor-element elementor-element-2409b6e elementor-widget__width-inherit elementor-widget elementor-widget-image\" data-id=\"2409b6e\" data-element_type=\"widget\" data-widget_type=\"image.default\">\n\t\t\t\t<div class=\"elementor-widget-container\">\n\t\t\t\t\t\t\t\t\t\t\t\t\t\t\t<img loading=\"lazy\" decoding=\"async\" width=\"1248\" height=\"832\" src=\"https:\/\/calaestudi.com\/wp-content\/uploads\/2025\/11\/cala-estudi_gonone_cocina.jpg\" class=\"attachment-full size-full wp-image-1988\" alt=\"Cuina moderna amb tons foscos i il\u00b7luminaci\u00f3 c\u00e0lida a la casa Gonone.\" srcset=\"https:\/\/calaestudi.com\/wp-content\/uploads\/2025\/11\/cala-estudi_gonone_cocina.jpg 1248w, https:\/\/calaestudi.com\/wp-content\/uploads\/2025\/11\/cala-estudi_gonone_cocina-300x200.jpg 300w, https:\/\/calaestudi.com\/wp-content\/uploads\/2025\/11\/cala-estudi_gonone_cocina-1024x683.jpg 1024w, https:\/\/calaestudi.com\/wp-content\/uploads\/2025\/11\/cala-estudi_gonone_cocina-768x512.jpg 768w, https:\/\/calaestudi.com\/wp-content\/uploads\/2025\/11\/cala-estudi_gonone_cocina-18x12.jpg 18w\" sizes=\"(max-width: 1248px) 100vw, 1248px\" \/>\t\t\t\t\t\t\t\t\t\t\t\t\t\t\t<\/div>\n\t\t\t\t<\/div>\n\t\t\t\t\t<\/div>\n\t\t\t\t<\/div>\n\t\t\t\t<\/div>\n\t\t\t\t<\/div>","protected":false},"excerpt":{"rendered":"<p>GONONE CLIENTEPrivado LOCALITZACI\u00d3NLli\u00e7\u00e0 d\u2019Amunt A\u00d1O2021 CATEGOR\u00cdAResidencial SUPERF\u00cdCIE220m2 ESTADOFinalizado La exactitud de lo prefabricado \u00bfQu\u00e9 es lo que os hace sentir en casa? Para esta familia, la separaci\u00f3n entre las \u00e1reas de d\u00eda y de noche es esencial. Durante la semana, cada espacio cumple su funci\u00f3n, ofreciendo privacidad y descanso, mientras que los fines de semana, [&hellip;]<\/p>","protected":false},"author":1,"featured_media":1990,"parent":0,"menu_order":0,"comment_status":"closed","ping_status":"closed","template":"","meta":{"footnotes":""},"class_list":["post-150","page","type-page","status-publish","has-post-thumbnail","hentry"],"_links":{"self":[{"href":"https:\/\/calaestudi.com\/ca\/wp-json\/wp\/v2\/pages\/150","targetHints":{"allow":["GET"]}}],"collection":[{"href":"https:\/\/calaestudi.com\/ca\/wp-json\/wp\/v2\/pages"}],"about":[{"href":"https:\/\/calaestudi.com\/ca\/wp-json\/wp\/v2\/types\/page"}],"author":[{"embeddable":true,"href":"https:\/\/calaestudi.com\/ca\/wp-json\/wp\/v2\/users\/1"}],"replies":[{"embeddable":true,"href":"https:\/\/calaestudi.com\/ca\/wp-json\/wp\/v2\/comments?post=150"}],"version-history":[{"count":36,"href":"https:\/\/calaestudi.com\/ca\/wp-json\/wp\/v2\/pages\/150\/revisions"}],"predecessor-version":[{"id":2061,"href":"https:\/\/calaestudi.com\/ca\/wp-json\/wp\/v2\/pages\/150\/revisions\/2061"}],"wp:featuredmedia":[{"embeddable":true,"href":"https:\/\/calaestudi.com\/ca\/wp-json\/wp\/v2\/media\/1990"}],"wp:attachment":[{"href":"https:\/\/calaestudi.com\/ca\/wp-json\/wp\/v2\/media?parent=150"}],"curies":[{"name":"wp","href":"https:\/\/api.w.org\/{rel}","templated":true}]}}