{"id":1756,"date":"2025-05-27T14:40:46","date_gmt":"2025-05-27T14:40:46","guid":{"rendered":"https:\/\/calaestudi.com\/?page_id=1756"},"modified":"2025-05-27T14:45:38","modified_gmt":"2025-05-27T14:45:38","slug":"blog","status":"publish","type":"page","link":"https:\/\/calaestudi.com\/ca\/bloc\/","title":{"rendered":"Blog"},"content":{"rendered":"<div data-elementor-type=\"wp-page\" data-elementor-id=\"1756\" class=\"elementor elementor-1756\" data-elementor-post-type=\"page\">\n\t\t\t\t<div class=\"elementor-element elementor-element-3cfe8496 e-flex e-con-boxed e-con e-parent\" data-id=\"3cfe8496\" data-element_type=\"container\" data-settings=\"{&quot;background_background&quot;:&quot;classic&quot;}\">\n\t\t\t\t\t<div class=\"e-con-inner\">\n\t\t<div class=\"elementor-element elementor-element-7b44247 e-con-full e-flex e-con e-child\" data-id=\"7b44247\" data-element_type=\"container\">\n\t\t\t\t<div class=\"elementor-element elementor-element-f5e1809 elementor-widget elementor-widget-spacer\" data-id=\"f5e1809\" data-element_type=\"widget\" data-widget_type=\"spacer.default\">\n\t\t\t\t<div class=\"elementor-widget-container\">\n\t\t\t\t\t\t\t<div class=\"elementor-spacer\">\n\t\t\t<div class=\"elementor-spacer-inner\"><\/div>\n\t\t<\/div>\n\t\t\t\t\t\t<\/div>\n\t\t\t\t<\/div>\n\t\t\t\t<\/div>\n\t\t\t\t\t<\/div>\n\t\t\t\t<\/div>\n\t\t<div class=\"elementor-element elementor-element-7eed0e0 e-flex e-con-boxed e-con e-parent\" data-id=\"7eed0e0\" data-element_type=\"container\">\n\t\t\t\t\t<div class=\"e-con-inner\">\n\t\t\t\t<div class=\"elementor-element elementor-element-0139446 elementor-widget elementor-widget-spacer\" data-id=\"0139446\" data-element_type=\"widget\" data-widget_type=\"spacer.default\">\n\t\t\t\t<div class=\"elementor-widget-container\">\n\t\t\t\t\t\t\t<div class=\"elementor-spacer\">\n\t\t\t<div class=\"elementor-spacer-inner\"><\/div>\n\t\t<\/div>\n\t\t\t\t\t\t<\/div>\n\t\t\t\t<\/div>\n\t\t\t\t\t<\/div>\n\t\t\t\t<\/div>\n\t\t<div class=\"elementor-element elementor-element-858e213 e-flex e-con-boxed e-con e-parent\" data-id=\"858e213\" data-element_type=\"container\">\n\t\t\t\t\t<div class=\"e-con-inner\">\n\t\t\t\t<div class=\"elementor-element elementor-element-a1f0c7f elementor-grid-3 elementor-grid-tablet-2 elementor-grid-mobile-1 elementor-posts--thumbnail-top elementor-widget elementor-widget-posts\" data-id=\"a1f0c7f\" data-element_type=\"widget\" data-settings=\"{&quot;classic_columns&quot;:&quot;3&quot;,&quot;classic_columns_tablet&quot;:&quot;2&quot;,&quot;classic_columns_mobile&quot;:&quot;1&quot;,&quot;classic_row_gap&quot;:{&quot;unit&quot;:&quot;px&quot;,&quot;size&quot;:35,&quot;sizes&quot;:[]},&quot;classic_row_gap_tablet&quot;:{&quot;unit&quot;:&quot;px&quot;,&quot;size&quot;:&quot;&quot;,&quot;sizes&quot;:[]},&quot;classic_row_gap_mobile&quot;:{&quot;unit&quot;:&quot;px&quot;,&quot;size&quot;:&quot;&quot;,&quot;sizes&quot;:[]}}\" data-widget_type=\"posts.classic\">\n\t\t\t\t<div class=\"elementor-widget-container\">\n\t\t\t\t\t\t\t<div class=\"elementor-posts-container elementor-posts elementor-posts--skin-classic elementor-grid\" role=\"list\">\n\t\t\t\t<article class=\"elementor-post elementor-grid-item post-3368 post type-post status-publish format-standard has-post-thumbnail hentry category-uncategorized\" role=\"listitem\">\n\t\t\t\t<a class=\"elementor-post__thumbnail__link\" href=\"https:\/\/calaestudi.com\/ca\/que-inclou-la-feina-dun-arquitecte\/\" tabindex=\"-1\">\n\t\t\t<div class=\"elementor-post__thumbnail\"><img fetchpriority=\"high\" decoding=\"async\" width=\"300\" height=\"169\" src=\"https:\/\/calaestudi.com\/wp-content\/uploads\/2025\/12\/cala-estudi_escaletes-sant-pol-de-mar_dormitorio-ventanales-acristalados-300x169.jpg\" class=\"attachment-medium size-medium wp-image-2806\" alt=\"Qu\u00e8 inclou la feina d&#039;un arquitecte per a una casa unifamiliar al Maresme\" srcset=\"https:\/\/calaestudi.com\/wp-content\/uploads\/2025\/12\/cala-estudi_escaletes-sant-pol-de-mar_dormitorio-ventanales-acristalados-300x169.jpg 300w, https:\/\/calaestudi.com\/wp-content\/uploads\/2025\/12\/cala-estudi_escaletes-sant-pol-de-mar_dormitorio-ventanales-acristalados-768x432.jpg 768w, https:\/\/calaestudi.com\/wp-content\/uploads\/2025\/12\/cala-estudi_escaletes-sant-pol-de-mar_dormitorio-ventanales-acristalados-18x10.jpg 18w, https:\/\/calaestudi.com\/wp-content\/uploads\/2025\/12\/cala-estudi_escaletes-sant-pol-de-mar_dormitorio-ventanales-acristalados.jpg 1024w\" sizes=\"(max-width: 300px) 100vw, 300px\" \/><\/div>\n\t\t<\/a>\n\t\t\t\t<div class=\"elementor-post__text\">\n\t\t\t\t<h3 class=\"elementor-post__title\">\n\t\t\t<a href=\"https:\/\/calaestudi.com\/ca\/que-inclou-la-feina-dun-arquitecte\/\">\n\t\t\t\tQu\u00e8 inclou el treball d?un arquitecte per a una casa unifamiliar al Maresme | Cala Estudi\t\t\t<\/a>\n\t\t<\/h3>\n\t\t\t\t<div class=\"elementor-post__meta-data\">\n\t\t\t\t\t<span class=\"elementor-post-date\">\n\t\t\tfebrer 9, 2026\t\t<\/span>\n\t\t\t\t<span class=\"elementor-post-avatar\">\n\t\t\tNo hi ha comentaris\t\t<\/span>\n\t\t\t\t<\/div>\n\t\t\t\t<div class=\"elementor-post__excerpt\">\n\t\t\t<p>Qu\u00e8 inclou la feina d&#039;un arquitecte per a una casa unifamiliar al Maresme?  Quan alg\u00fa diu \u201cnecessito un arquitecte\u201d, moltes vegades pensa sol<\/p>\n\t\t<\/div>\n\t\t\n\t\t<a class=\"elementor-post__read-more\" href=\"https:\/\/calaestudi.com\/ca\/que-inclou-la-feina-dun-arquitecte\/\" aria-label=\"Read more about Qu\u00e9 incluye el trabajo de un arquitecto para una casa unifamiliar en el Maresme | Cala Estudi\" tabindex=\"-1\">\n\t\t\tLlegir m\u00e9s \u00bb\t\t<\/a>\n\n\t\t\t\t<\/div>\n\t\t\t\t<\/article>\n\t\t\t\t<article class=\"elementor-post elementor-grid-item post-3356 post type-post status-publish format-standard has-post-thumbnail hentry category-uncategorized\" role=\"listitem\">\n\t\t\t\t<a class=\"elementor-post__thumbnail__link\" href=\"https:\/\/calaestudi.com\/ca\/proces-per-construir-una-casa-al-maresme\/\" tabindex=\"-1\">\n\t\t\t<div class=\"elementor-post__thumbnail\"><img decoding=\"async\" width=\"300\" height=\"200\" src=\"https:\/\/calaestudi.com\/wp-content\/uploads\/2025\/04\/3-300x200.png\" class=\"attachment-medium size-medium wp-image-1110\" alt=\"proc\u00e9s per construir una casa al Maresme\" srcset=\"https:\/\/calaestudi.com\/wp-content\/uploads\/2025\/04\/3-300x200.png 300w, https:\/\/calaestudi.com\/wp-content\/uploads\/2025\/04\/3-1024x683.png 1024w, https:\/\/calaestudi.com\/wp-content\/uploads\/2025\/04\/3-768x512.png 768w, https:\/\/calaestudi.com\/wp-content\/uploads\/2025\/04\/3-1536x1024.png 1536w, https:\/\/calaestudi.com\/wp-content\/uploads\/2025\/04\/3-18x12.png 18w, https:\/\/calaestudi.com\/wp-content\/uploads\/2025\/04\/3.png 1881w\" sizes=\"(max-width: 300px) 100vw, 300px\" \/><\/div>\n\t\t<\/a>\n\t\t\t\t<div class=\"elementor-post__text\">\n\t\t\t\t<h3 class=\"elementor-post__title\">\n\t\t\t<a href=\"https:\/\/calaestudi.com\/ca\/proces-per-construir-una-casa-al-maresme\/\">\n\t\t\t\tProc\u00e9s per construir una casa al Maresme: fases i temps | Cala Estudi\t\t\t<\/a>\n\t\t<\/h3>\n\t\t\t\t<div class=\"elementor-post__meta-data\">\n\t\t\t\t\t<span class=\"elementor-post-date\">\n\t\t\tfebrer 7, 2026\t\t<\/span>\n\t\t\t\t<span class=\"elementor-post-avatar\">\n\t\t\tNo hi ha comentaris\t\t<\/span>\n\t\t\t\t<\/div>\n\t\t\t\t<div class=\"elementor-post__excerpt\">\n\t\t\t<p>Proc\u00e9s per construir una casa al Maresme: fases, temps i decisions clau Construir una casa al Maresme no \u00e9s nom\u00e9s dissenyar un habitatge<\/p>\n\t\t<\/div>\n\t\t\n\t\t<a class=\"elementor-post__read-more\" href=\"https:\/\/calaestudi.com\/ca\/proces-per-construir-una-casa-al-maresme\/\" aria-label=\"Read more about Proceso para construir una casa en el Maresme: fases y tiempos | Cala Estudi\" tabindex=\"-1\">\n\t\t\tLlegir m\u00e9s \u00bb\t\t<\/a>\n\n\t\t\t\t<\/div>\n\t\t\t\t<\/article>\n\t\t\t\t<article class=\"elementor-post elementor-grid-item post-3336 post type-post status-publish format-standard hentry category-uncategorized\" role=\"listitem\">\n\t\t\t\t<div class=\"elementor-post__text\">\n\t\t\t\t<h3 class=\"elementor-post__title\">\n\t\t\t<a href=\"https:\/\/calaestudi.com\/ca\/comprar-un-terreny-al-maresme\/\">\n\t\t\t\tComprar un terreny al Maresme: qu\u00e8 cal revisar abans de construir | Cala Estudi\t\t\t<\/a>\n\t\t<\/h3>\n\t\t\t\t<div class=\"elementor-post__meta-data\">\n\t\t\t\t\t<span class=\"elementor-post-date\">\n\t\t\tfebrer 5, 2026\t\t<\/span>\n\t\t\t\t<span class=\"elementor-post-avatar\">\n\t\t\tNo hi ha comentaris\t\t<\/span>\n\t\t\t\t<\/div>\n\t\t\t\t<div class=\"elementor-post__excerpt\">\n\t\t\t<p>Comprar un terreny al Maresme: qu\u00e8 ha de revisar un arquitecte abans de construir Comprar un terreny al Maresme pot ser el primer pas<\/p>\n\t\t<\/div>\n\t\t\n\t\t<a class=\"elementor-post__read-more\" href=\"https:\/\/calaestudi.com\/ca\/comprar-un-terreny-al-maresme\/\" aria-label=\"Read more about Comprar un terreno en el Maresme: qu\u00e9 revisar antes de construir | Cala Estudi\" tabindex=\"-1\">\n\t\t\tLlegir m\u00e9s \u00bb\t\t<\/a>\n\n\t\t\t\t<\/div>\n\t\t\t\t<\/article>\n\t\t\t\t<article class=\"elementor-post elementor-grid-item post-3322 post type-post status-publish format-standard hentry category-uncategorized\" role=\"listitem\">\n\t\t\t\t<div class=\"elementor-post__text\">\n\t\t\t\t<h3 class=\"elementor-post__title\">\n\t\t\t<a href=\"https:\/\/calaestudi.com\/ca\/llicencies-dobra-a-sant-cugat\/\">\n\t\t\t\tLlic\u00e8ncies d&#039;obra a Sant Cugat: tipus i terminis Cala Estudi\t\t\t<\/a>\n\t\t<\/h3>\n\t\t\t\t<div class=\"elementor-post__meta-data\">\n\t\t\t\t\t<span class=\"elementor-post-date\">\n\t\t\tgener 28, 2026\t\t<\/span>\n\t\t\t\t<span class=\"elementor-post-avatar\">\n\t\t\tNo hi ha comentaris\t\t<\/span>\n\t\t\t\t<\/div>\n\t\t\t\t<div class=\"elementor-post__excerpt\">\n\t\t\t<p>Llic\u00e8ncies d&#039;obra a Sant Cugat: tipus i terminis Si construir\u00e0s, reformar\u00e0s o ampliar\u00e0s un habitatge, un dels punts m\u00e9s importants (i<\/p>\n\t\t<\/div>\n\t\t\n\t\t<a class=\"elementor-post__read-more\" href=\"https:\/\/calaestudi.com\/ca\/llicencies-dobra-a-sant-cugat\/\" aria-label=\"Read more about Licencias de obra en Sant Cugat: tipos y plazos | Cala Estudi\" tabindex=\"-1\">\n\t\t\tLlegir m\u00e9s \u00bb\t\t<\/a>\n\n\t\t\t\t<\/div>\n\t\t\t\t<\/article>\n\t\t\t\t<article class=\"elementor-post elementor-grid-item post-2119 post type-post status-publish format-standard has-post-thumbnail hentry category-uncategorized\" role=\"listitem\">\n\t\t\t\t<a class=\"elementor-post__thumbnail__link\" href=\"https:\/\/calaestudi.com\/ca\/revestiment-de-zinc\/\" tabindex=\"-1\">\n\t\t\t<div class=\"elementor-post__thumbnail\"><img decoding=\"async\" width=\"300\" height=\"300\" src=\"https:\/\/calaestudi.com\/wp-content\/uploads\/2025\/10\/vista-aerea-solar-urbano-ia-300x300.png\" class=\"attachment-medium size-medium wp-image-1926\" alt=\"Render aeri d&#039;un solar urb\u00e0 al Maresme que il\u00b7lustra el potencial edificable del terreny segons la superf\u00edcie i la normativa local.\" srcset=\"https:\/\/calaestudi.com\/wp-content\/uploads\/2025\/10\/vista-aerea-solar-urbano-ia-300x300.png 300w, https:\/\/calaestudi.com\/wp-content\/uploads\/2025\/10\/vista-aerea-solar-urbano-ia-150x150.png 150w, https:\/\/calaestudi.com\/wp-content\/uploads\/2025\/10\/vista-aerea-solar-urbano-ia-768x768.png 768w, https:\/\/calaestudi.com\/wp-content\/uploads\/2025\/10\/vista-aerea-solar-urbano-ia-12x12.png 12w, https:\/\/calaestudi.com\/wp-content\/uploads\/2025\/10\/vista-aerea-solar-urbano-ia.png 1024w\" sizes=\"(max-width: 300px) 100vw, 300px\" \/><\/div>\n\t\t<\/a>\n\t\t\t\t<div class=\"elementor-post__text\">\n\t\t\t\t<h3 class=\"elementor-post__title\">\n\t\t\t<a href=\"https:\/\/calaestudi.com\/ca\/revestiment-de-zinc\/\">\n\t\t\t\tRevestiment de Zinc: Els 3 Beneficis M\u00e9s Impactants per a una Fa\u00e7ana de Vanguardia\t\t\t<\/a>\n\t\t<\/h3>\n\t\t\t\t<div class=\"elementor-post__meta-data\">\n\t\t\t\t\t<span class=\"elementor-post-date\">\n\t\t\tdesembre 23, 2025\t\t<\/span>\n\t\t\t\t<span class=\"elementor-post-avatar\">\n\t\t\tNo hi ha comentaris\t\t<\/span>\n\t\t\t\t<\/div>\n\t\t\t\t<div class=\"elementor-post__excerpt\">\n\t\t\t<p>La Estrategia de la P\u00e1tina que Garantiza 100 a\u00f1os de Longevidad en el Revestimiento de Zinc para Fachadas El Zinc es un material que ha<\/p>\n\t\t<\/div>\n\t\t\n\t\t<a class=\"elementor-post__read-more\" href=\"https:\/\/calaestudi.com\/ca\/revestiment-de-zinc\/\" aria-label=\"Read more about Revestimiento de Zinc: Los 3 Beneficios M\u00e1s Impactantes para una Fachada de Vanguardia\" tabindex=\"-1\">\n\t\t\tLlegir m\u00e9s \u00bb\t\t<\/a>\n\n\t\t\t\t<\/div>\n\t\t\t\t<\/article>\n\t\t\t\t<article class=\"elementor-post elementor-grid-item post-2176 post type-post status-publish format-standard has-post-thumbnail hentry category-uncategorized\" role=\"listitem\">\n\t\t\t\t<a class=\"elementor-post__thumbnail__link\" href=\"https:\/\/calaestudi.com\/ca\/revestiments-dargila\/\" tabindex=\"-1\">\n\t\t\t<div class=\"elementor-post__thumbnail\"><img loading=\"lazy\" decoding=\"async\" width=\"300\" height=\"300\" src=\"https:\/\/calaestudi.com\/wp-content\/uploads\/2025\/11\/Revestimientos-de-arcilla-la-solucion-saludable-de-encantadora-belleza-imperfecta-tipo-wabi-sabi-300x300.jpg\" class=\"attachment-medium size-medium wp-image-2480\" alt=\"argila\" srcset=\"https:\/\/calaestudi.com\/wp-content\/uploads\/2025\/11\/Revestimientos-de-arcilla-la-solucion-saludable-de-encantadora-belleza-imperfecta-tipo-wabi-sabi-300x300.jpg 300w, https:\/\/calaestudi.com\/wp-content\/uploads\/2025\/11\/Revestimientos-de-arcilla-la-solucion-saludable-de-encantadora-belleza-imperfecta-tipo-wabi-sabi-150x150.jpg 150w, https:\/\/calaestudi.com\/wp-content\/uploads\/2025\/11\/Revestimientos-de-arcilla-la-solucion-saludable-de-encantadora-belleza-imperfecta-tipo-wabi-sabi-12x12.jpg 12w, https:\/\/calaestudi.com\/wp-content\/uploads\/2025\/11\/Revestimientos-de-arcilla-la-solucion-saludable-de-encantadora-belleza-imperfecta-tipo-wabi-sabi.jpg 736w\" sizes=\"(max-width: 300px) 100vw, 300px\" \/><\/div>\n\t\t<\/a>\n\t\t\t\t<div class=\"elementor-post__text\">\n\t\t\t\t<h3 class=\"elementor-post__title\">\n\t\t\t<a href=\"https:\/\/calaestudi.com\/ca\/revestiments-dargila\/\">\n\t\t\t\tRevestiments d&#039;argila: 5 Raons Sorprenents per les que s\u00f3n essencials per al benestar interior.\t\t\t<\/a>\n\t\t<\/h3>\n\t\t\t\t<div class=\"elementor-post__meta-data\">\n\t\t\t\t\t<span class=\"elementor-post-date\">\n\t\t\tdesembre 18, 2025\t\t<\/span>\n\t\t\t\t<span class=\"elementor-post-avatar\">\n\t\t\tNo hi ha comentaris\t\t<\/span>\n\t\t\t\t<\/div>\n\t\t\t\t<div class=\"elementor-post__excerpt\">\n\t\t\t<p>La Ciencia Detr\u00e1s del Confort de los revestimientos de arcilla La fuerza del revestimiento de arcilla reside en su composici\u00f3n elemental: una mezcla de arcillas<\/p>\n\t\t<\/div>\n\t\t\n\t\t<a class=\"elementor-post__read-more\" href=\"https:\/\/calaestudi.com\/ca\/revestiments-dargila\/\" aria-label=\"Read more about Revestimientos de arcilla: 5 Razones Sorprendentes por las que son esenciales para el bienestar interior.\" tabindex=\"-1\">\n\t\t\tLlegir m\u00e9s \u00bb\t\t<\/a>\n\n\t\t\t\t<\/div>\n\t\t\t\t<\/article>\n\t\t\t\t<\/div>\n\t\t\n\t\t\t\t\t\t<\/div>\n\t\t\t\t<\/div>\n\t\t\t\t\t<\/div>\n\t\t\t\t<\/div>\n\t\t\t\t<\/div>","protected":false},"excerpt":{"rendered":"","protected":false},"author":1,"featured_media":0,"parent":0,"menu_order":0,"comment_status":"closed","ping_status":"closed","template":"","meta":{"footnotes":""},"class_list":["post-1756","page","type-page","status-publish","hentry"],"_links":{"self":[{"href":"https:\/\/calaestudi.com\/ca\/wp-json\/wp\/v2\/pages\/1756","targetHints":{"allow":["GET"]}}],"collection":[{"href":"https:\/\/calaestudi.com\/ca\/wp-json\/wp\/v2\/pages"}],"about":[{"href":"https:\/\/calaestudi.com\/ca\/wp-json\/wp\/v2\/types\/page"}],"author":[{"embeddable":true,"href":"https:\/\/calaestudi.com\/ca\/wp-json\/wp\/v2\/users\/1"}],"replies":[{"embeddable":true,"href":"https:\/\/calaestudi.com\/ca\/wp-json\/wp\/v2\/comments?post=1756"}],"version-history":[{"count":4,"href":"https:\/\/calaestudi.com\/ca\/wp-json\/wp\/v2\/pages\/1756\/revisions"}],"predecessor-version":[{"id":1760,"href":"https:\/\/calaestudi.com\/ca\/wp-json\/wp\/v2\/pages\/1756\/revisions\/1760"}],"wp:attachment":[{"href":"https:\/\/calaestudi.com\/ca\/wp-json\/wp\/v2\/media?parent=1756"}],"curies":[{"name":"wp","href":"https:\/\/api.w.org\/{rel}","templated":true}]}}