{"id":2798,"date":"2025-12-18T13:15:41","date_gmt":"2025-12-18T13:15:41","guid":{"rendered":"https:\/\/calaestudi.com\/?page_id=2798"},"modified":"2026-01-22T15:26:15","modified_gmt":"2026-01-22T15:26:15","slug":"escaletes","status":"publish","type":"page","link":"https:\/\/calaestudi.com\/ca\/https-calaestudi-com-escaletes\/","title":{"rendered":"Escalets"},"content":{"rendered":"<div data-elementor-type=\"wp-page\" data-elementor-id=\"2798\" class=\"elementor elementor-2798\" data-elementor-post-type=\"page\">\n\t\t\t\t<div class=\"elementor-element elementor-element-abe9ab4 e-con-full e-flex e-con e-parent\" data-id=\"abe9ab4\" data-element_type=\"container\" data-settings=\"{&quot;background_background&quot;:&quot;classic&quot;}\">\n\t\t<div class=\"elementor-element elementor-element-2a7ef36 e-flex e-con-boxed e-con e-child\" data-id=\"2a7ef36\" data-element_type=\"container\">\n\t\t\t\t\t<div class=\"e-con-inner\">\n\t\t\t\t<div class=\"elementor-element elementor-element-7c2585e elementor-invisible elementor-widget elementor-widget-heading\" data-id=\"7c2585e\" data-element_type=\"widget\" data-settings=\"{&quot;motion_fx_motion_fx_scrolling&quot;:&quot;yes&quot;,&quot;motion_fx_translateY_effect&quot;:&quot;yes&quot;,&quot;motion_fx_translateY_speed&quot;:{&quot;unit&quot;:&quot;px&quot;,&quot;size&quot;:1.3,&quot;sizes&quot;:[]},&quot;_animation&quot;:&quot;fadeIn&quot;,&quot;motion_fx_translateY_affectedRange&quot;:{&quot;unit&quot;:&quot;%&quot;,&quot;size&quot;:&quot;&quot;,&quot;sizes&quot;:{&quot;start&quot;:0,&quot;end&quot;:100}},&quot;motion_fx_devices&quot;:[&quot;desktop&quot;,&quot;tablet&quot;,&quot;mobile&quot;]}\" data-widget_type=\"heading.default\">\n\t\t\t\t<div class=\"elementor-widget-container\">\n\t\t\t\t\t<h1 class=\"elementor-heading-title elementor-size-default\">Escalets<\/h1>\t\t\t\t<\/div>\n\t\t\t\t<\/div>\n\t\t<div class=\"elementor-element elementor-element-3863f05 e-con-full e-flex elementor-invisible e-con e-child\" data-id=\"3863f05\" data-element_type=\"container\" data-settings=\"{&quot;animation&quot;:&quot;fadeIn&quot;}\">\n\t\t\t\t<div class=\"elementor-element elementor-element-3d18151 elementor-view-default elementor-widget elementor-widget-icon\" data-id=\"3d18151\" data-element_type=\"widget\" data-settings=\"{&quot;motion_fx_motion_fx_scrolling&quot;:&quot;yes&quot;,&quot;motion_fx_translateY_effect&quot;:&quot;yes&quot;,&quot;motion_fx_translateY_speed&quot;:{&quot;unit&quot;:&quot;px&quot;,&quot;size&quot;:4,&quot;sizes&quot;:[]},&quot;motion_fx_translateY_affectedRange&quot;:{&quot;unit&quot;:&quot;%&quot;,&quot;size&quot;:&quot;&quot;,&quot;sizes&quot;:{&quot;start&quot;:0,&quot;end&quot;:100}},&quot;motion_fx_devices&quot;:[&quot;desktop&quot;,&quot;tablet&quot;,&quot;mobile&quot;]}\" data-widget_type=\"icon.default\">\n\t\t\t\t<div class=\"elementor-widget-container\">\n\t\t\t\t\t\t\t<div class=\"elementor-icon-wrapper\">\n\t\t\t<div class=\"elementor-icon elementor-animation-grow\">\n\t\t\t<i aria-hidden=\"true\" class=\"jki jki-arrow-down-light\"><\/i>\t\t\t<\/div>\n\t\t<\/div>\n\t\t\t\t\t\t<\/div>\n\t\t\t\t<\/div>\n\t\t\t\t<\/div>\n\t\t\t\t\t<\/div>\n\t\t\t\t<\/div>\n\t\t\t\t<\/div>\n\t\t<div class=\"elementor-element elementor-element-8454ad3 e-transform e-flex e-con-boxed e-con e-parent\" data-id=\"8454ad3\" data-element_type=\"container\" data-settings=\"{&quot;_transform_scale_effect&quot;:{&quot;unit&quot;:&quot;px&quot;,&quot;size&quot;:1,&quot;sizes&quot;:[]},&quot;_transform_scale_effect_tablet&quot;:{&quot;unit&quot;:&quot;px&quot;,&quot;size&quot;:&quot;&quot;,&quot;sizes&quot;:[]},&quot;_transform_scale_effect_mobile&quot;:{&quot;unit&quot;:&quot;px&quot;,&quot;size&quot;:&quot;&quot;,&quot;sizes&quot;:[]}}\">\n\t\t\t\t\t<div class=\"e-con-inner\">\n\t\t<div class=\"elementor-element elementor-element-3cb0923 e-grid e-con-full elementor-invisible e-con e-child\" data-id=\"3cb0923\" data-element_type=\"container\" data-settings=\"{&quot;animation&quot;:&quot;fadeIn&quot;}\">\n\t\t\t\t<div class=\"elementor-element elementor-element-daa6521 elementor-widget elementor-widget-text-editor\" data-id=\"daa6521\" data-element_type=\"widget\" data-widget_type=\"text-editor.default\">\n\t\t\t\t<div class=\"elementor-widget-container\">\n\t\t\t\t\t\t\t\t\t<p><span style=\"color: #030140;\"><b>Any<\/b> 2025 &#8211; 2026<\/span><\/p><p><span style=\"color: #030140;\"><b>Categoria<\/b>\u00a0Obra Nova<\/span><\/p><p><span style=\"color: #030140;\"><b>Localitzaci\u00f3<\/b> <\/span><span style=\"color: #030140;\">Sant Pol de Mar<\/span><\/p>\t\t\t\t\t\t\t\t<\/div>\n\t\t\t\t<\/div>\n\t\t\t\t<div class=\"elementor-element elementor-element-9fb4fa2 elementor-widget elementor-widget-text-editor\" data-id=\"9fb4fa2\" data-element_type=\"widget\" data-widget_type=\"text-editor.default\">\n\t\t\t\t<div class=\"elementor-widget-container\">\n\t\t\t\t\t\t\t\t\t<p><span style=\"color: #030140;\"><b>Client<\/b> Privat\u00a0<\/span><\/p><p><span style=\"color: #030140;\"><b>Superf\u00edcie<\/b> 220 m2<\/span><\/p><p><span style=\"color: #030140;\"><b>Estat<\/b> En construcci\u00f3<\/span><\/p>\t\t\t\t\t\t\t\t<\/div>\n\t\t\t\t<\/div>\n\t\t\t\t<\/div>\n\t\t\t\t\t<\/div>\n\t\t\t\t<\/div>\n\t\t<div class=\"elementor-element elementor-element-4ac14d9 e-con-full e-flex e-con e-parent\" data-id=\"4ac14d9\" data-element_type=\"container\">\n\t\t\t\t<div class=\"elementor-element elementor-element-d7e2201 elementor-widget-mobile__width-inherit elementor-widget-divider--view-line elementor-widget elementor-widget-divider\" data-id=\"d7e2201\" data-element_type=\"widget\" data-widget_type=\"divider.default\">\n\t\t\t\t<div class=\"elementor-widget-container\">\n\t\t\t\t\t\t\t<div class=\"elementor-divider\">\n\t\t\t<span class=\"elementor-divider-separator\">\n\t\t\t\t\t\t<\/span>\n\t\t<\/div>\n\t\t\t\t\t\t<\/div>\n\t\t\t\t<\/div>\n\t\t\t\t<\/div>\n\t\t<div class=\"elementor-element elementor-element-f9fba54 e-transform e-flex e-con-boxed e-con e-parent\" data-id=\"f9fba54\" data-element_type=\"container\" data-settings=\"{&quot;_transform_scale_effect&quot;:{&quot;unit&quot;:&quot;px&quot;,&quot;size&quot;:1,&quot;sizes&quot;:[]},&quot;_transform_scale_effect_tablet&quot;:{&quot;unit&quot;:&quot;px&quot;,&quot;size&quot;:&quot;&quot;,&quot;sizes&quot;:[]},&quot;_transform_scale_effect_mobile&quot;:{&quot;unit&quot;:&quot;px&quot;,&quot;size&quot;:&quot;&quot;,&quot;sizes&quot;:[]}}\">\n\t\t\t\t\t<div class=\"e-con-inner\">\n\t\t<div class=\"elementor-element elementor-element-2b143f4 e-con-full e-flex e-con e-child\" data-id=\"2b143f4\" data-element_type=\"container\">\n\t\t\t\t<div class=\"elementor-element elementor-element-d1820cd elementor-widget__width-initial e-transform elementor-drop-cap-yes elementor-widget-mobile__width-inherit e-transform elementor-drop-cap-view-default elementor-invisible elementor-widget elementor-widget-text-editor\" data-id=\"d1820cd\" data-element_type=\"widget\" data-settings=\"{&quot;motion_fx_motion_fx_mouse&quot;:&quot;yes&quot;,&quot;_animation&quot;:&quot;fadeIn&quot;,&quot;drop_cap&quot;:&quot;yes&quot;,&quot;_transform_scale_effect_tablet&quot;:{&quot;unit&quot;:&quot;px&quot;,&quot;size&quot;:0.7,&quot;sizes&quot;:[]},&quot;_transform_scale_effect_mobile&quot;:{&quot;unit&quot;:&quot;px&quot;,&quot;size&quot;:0.7,&quot;sizes&quot;:[]},&quot;_transform_translateX_effect&quot;:{&quot;unit&quot;:&quot;px&quot;,&quot;size&quot;:&quot;&quot;,&quot;sizes&quot;:[]},&quot;_transform_translateX_effect_tablet&quot;:{&quot;unit&quot;:&quot;px&quot;,&quot;size&quot;:&quot;&quot;,&quot;sizes&quot;:[]},&quot;_transform_translateX_effect_mobile&quot;:{&quot;unit&quot;:&quot;px&quot;,&quot;size&quot;:&quot;&quot;,&quot;sizes&quot;:[]},&quot;_transform_translateY_effect&quot;:{&quot;unit&quot;:&quot;px&quot;,&quot;size&quot;:&quot;&quot;,&quot;sizes&quot;:[]},&quot;_transform_translateY_effect_tablet&quot;:{&quot;unit&quot;:&quot;px&quot;,&quot;size&quot;:&quot;&quot;,&quot;sizes&quot;:[]},&quot;_transform_translateY_effect_mobile&quot;:{&quot;unit&quot;:&quot;px&quot;,&quot;size&quot;:&quot;&quot;,&quot;sizes&quot;:[]},&quot;_transform_scale_effect&quot;:{&quot;unit&quot;:&quot;px&quot;,&quot;size&quot;:&quot;&quot;,&quot;sizes&quot;:[]}}\" data-widget_type=\"text-editor.default\">\n\t\t\t\t<div class=\"elementor-widget-container\">\n\t\t\t\t\t\t\t\t\t<p><span style=\"color: #030140;\"><strong>Un terreny en pendent, una urbanitzaci\u00f3 tranquil\u00b7la i vistes a la Mediterr\u00e0nia entre pins: <\/strong>les tres peces que defineixen Escaletes.<\/span><\/p>\t\t\t\t\t\t\t\t<\/div>\n\t\t\t\t<\/div>\n\t\t\t\t<\/div>\n\t\t\t\t\t<\/div>\n\t\t\t\t<\/div>\n\t\t<div class=\"elementor-element elementor-element-ed08beb e-con-full e-flex e-con e-parent\" data-id=\"ed08beb\" data-element_type=\"container\">\n\t\t\t\t<div class=\"elementor-element elementor-element-27c8679 elementor-widget-mobile__width-inherit elementor-widget-divider--view-line elementor-widget elementor-widget-divider\" data-id=\"27c8679\" data-element_type=\"widget\" data-widget_type=\"divider.default\">\n\t\t\t\t<div class=\"elementor-widget-container\">\n\t\t\t\t\t\t\t<div class=\"elementor-divider\">\n\t\t\t<span class=\"elementor-divider-separator\">\n\t\t\t\t\t\t<\/span>\n\t\t<\/div>\n\t\t\t\t\t\t<\/div>\n\t\t\t\t<\/div>\n\t\t\t\t<\/div>\n\t\t<div class=\"elementor-element elementor-element-923705c e-con-full e-flex e-con e-parent\" data-id=\"923705c\" data-element_type=\"container\">\n\t\t\t\t<div class=\"elementor-element elementor-element-df0aec0 elementor-widget elementor-widget-image\" data-id=\"df0aec0\" data-element_type=\"widget\" data-widget_type=\"image.default\">\n\t\t\t\t<div class=\"elementor-widget-container\">\n\t\t\t\t\t\t\t\t\t\t\t\t\t\t\t<img fetchpriority=\"high\" decoding=\"async\" width=\"1365\" height=\"935\" src=\"https:\/\/calaestudi.com\/wp-content\/uploads\/2025\/12\/Escaletes-Planta-baixa-scaled-e1744387916918-2048x1294-1-e1766060621713.jpg\" class=\"elementor-animation-grow attachment-full size-full wp-image-2800\" alt=\"\" srcset=\"https:\/\/calaestudi.com\/wp-content\/uploads\/2025\/12\/Escaletes-Planta-baixa-scaled-e1744387916918-2048x1294-1-e1766060621713.jpg 1365w, https:\/\/calaestudi.com\/wp-content\/uploads\/2025\/12\/Escaletes-Planta-baixa-scaled-e1744387916918-2048x1294-1-e1766060621713-300x205.jpg 300w, https:\/\/calaestudi.com\/wp-content\/uploads\/2025\/12\/Escaletes-Planta-baixa-scaled-e1744387916918-2048x1294-1-e1766060621713-1024x701.jpg 1024w, https:\/\/calaestudi.com\/wp-content\/uploads\/2025\/12\/Escaletes-Planta-baixa-scaled-e1744387916918-2048x1294-1-e1766060621713-768x526.jpg 768w, https:\/\/calaestudi.com\/wp-content\/uploads\/2025\/12\/Escaletes-Planta-baixa-scaled-e1744387916918-2048x1294-1-e1766060621713-18x12.jpg 18w\" sizes=\"(max-width: 1365px) 100vw, 1365px\" \/>\t\t\t\t\t\t\t\t\t\t\t\t\t\t\t<\/div>\n\t\t\t\t<\/div>\n\t\t\t\t<\/div>\n\t\t<div class=\"elementor-element elementor-element-130642e e-con-full e-flex e-con e-parent\" data-id=\"130642e\" data-element_type=\"container\">\n\t\t\t\t<div class=\"elementor-element elementor-element-ce8abc1 elementor-widget-mobile__width-inherit elementor-widget-divider--view-line elementor-widget elementor-widget-divider\" data-id=\"ce8abc1\" data-element_type=\"widget\" data-widget_type=\"divider.default\">\n\t\t\t\t<div class=\"elementor-widget-container\">\n\t\t\t\t\t\t\t<div class=\"elementor-divider\">\n\t\t\t<span class=\"elementor-divider-separator\">\n\t\t\t\t\t\t<\/span>\n\t\t<\/div>\n\t\t\t\t\t\t<\/div>\n\t\t\t\t<\/div>\n\t\t\t\t<\/div>\n\t\t<div class=\"elementor-element elementor-element-a4f8329 e-transform e-flex e-con-boxed e-con e-parent\" data-id=\"a4f8329\" data-element_type=\"container\" data-settings=\"{&quot;_transform_scale_effect&quot;:{&quot;unit&quot;:&quot;px&quot;,&quot;size&quot;:1,&quot;sizes&quot;:[]},&quot;_transform_scale_effect_tablet&quot;:{&quot;unit&quot;:&quot;px&quot;,&quot;size&quot;:&quot;&quot;,&quot;sizes&quot;:[]},&quot;_transform_scale_effect_mobile&quot;:{&quot;unit&quot;:&quot;px&quot;,&quot;size&quot;:&quot;&quot;,&quot;sizes&quot;:[]}}\">\n\t\t\t\t\t<div class=\"e-con-inner\">\n\t\t<div class=\"elementor-element elementor-element-a04ff0d e-grid e-con-full e-con e-child\" data-id=\"a04ff0d\" data-element_type=\"container\">\n\t\t\t\t<div class=\"elementor-element elementor-element-601fc37 elementor-widget__width-initial elementor-invisible elementor-widget elementor-widget-text-editor\" data-id=\"601fc37\" data-element_type=\"widget\" data-settings=\"{&quot;_animation&quot;:&quot;fadeInLeft&quot;}\" data-widget_type=\"text-editor.default\">\n\t\t\t\t<div class=\"elementor-widget-container\">\n\t\t\t\t\t\t\t\t\t<h4><span style=\"color: #030140;\">Cantonada al mar.<\/span><\/h4><p class=\"\" data-start=\"71\" data-end=\"251\"><span style=\"color: #030140;\">Escaletes \u00e9s un dels nostres <a href=\"https:\/\/calaestudi.com\/ca\/arquitecte-al-maresme\/\"><span style=\"text-decoration: underline;\">projectes d&#039;arquitectura a El Maresme<\/span><\/a> m\u00e9s ressenyable. El projecte se situa al l\u00edmit oest del nucli de Sant Pol de Mar, en una urbanitzaci\u00f3 molt tranquil\u00b7la amb una parcel\u00b7la en pendent que ofereix vistes al Mediterrani entre pins.<\/span><\/p><p class=\"\" data-start=\"253\" data-end=\"632\"><span style=\"color: #030140;\">La proposta aprofita aquestes condicions per ubicar el garatge soterrat, deixant lliure tota la resta per a lhabitatge, de planta baixa i primer pis, i les zones verdes exteriors amb la piscina. Les fa\u00e7anes sud i oest compten amb grans superf\u00edcies de vidre que relacionen la casa amb el jard\u00ed, i al mateix temps, la fa\u00e7ana est es recula per guanyar vistes al mar.<\/span><\/p>\t\t\t\t\t\t\t\t<\/div>\n\t\t\t\t<\/div>\n\t\t\t\t<div class=\"elementor-element elementor-element-18341db elementor-invisible elementor-widget elementor-widget-image\" data-id=\"18341db\" data-element_type=\"widget\" data-settings=\"{&quot;_animation&quot;:&quot;fadeInRight&quot;}\" data-widget_type=\"image.default\">\n\t\t\t\t<div class=\"elementor-widget-container\">\n\t\t\t\t\t\t\t\t\t\t\t\t\t\t\t<img decoding=\"async\" width=\"1707\" height=\"2560\" src=\"https:\/\/calaestudi.com\/wp-content\/uploads\/2025\/12\/cala-estudi_escaletes-sant-pol-de-mar_fachada.jpg\" class=\"attachment-full size-full wp-image-2201\" alt=\"arquitecte al Maresme. Qu\u00e8 inclou la feina d&#039;un arquitecte\" srcset=\"https:\/\/calaestudi.com\/wp-content\/uploads\/2025\/12\/cala-estudi_escaletes-sant-pol-de-mar_fachada.jpg 1707w, https:\/\/calaestudi.com\/wp-content\/uploads\/2025\/12\/cala-estudi_escaletes-sant-pol-de-mar_fachada-200x300.jpg 200w, https:\/\/calaestudi.com\/wp-content\/uploads\/2025\/12\/cala-estudi_escaletes-sant-pol-de-mar_fachada-683x1024.jpg 683w, https:\/\/calaestudi.com\/wp-content\/uploads\/2025\/12\/cala-estudi_escaletes-sant-pol-de-mar_fachada-768x1152.jpg 768w, https:\/\/calaestudi.com\/wp-content\/uploads\/2025\/12\/cala-estudi_escaletes-sant-pol-de-mar_fachada-1024x1536.jpg 1024w, https:\/\/calaestudi.com\/wp-content\/uploads\/2025\/12\/cala-estudi_escaletes-sant-pol-de-mar_fachada-1366x2048.jpg 1366w, https:\/\/calaestudi.com\/wp-content\/uploads\/2025\/12\/cala-estudi_escaletes-sant-pol-de-mar_fachada-8x12.jpg 8w\" sizes=\"(max-width: 1707px) 100vw, 1707px\" \/>\t\t\t\t\t\t\t\t\t\t\t\t\t\t\t<\/div>\n\t\t\t\t<\/div>\n\t\t\t\t<\/div>\n\t\t\t\t\t<\/div>\n\t\t\t\t<\/div>\n\t\t<div class=\"elementor-element elementor-element-b2f596e e-con-full e-flex e-con e-parent\" data-id=\"b2f596e\" data-element_type=\"container\">\n\t\t\t\t<div class=\"elementor-element elementor-element-d8f36a1 elementor-widget-mobile__width-inherit elementor-widget-divider--view-line elementor-widget elementor-widget-divider\" data-id=\"d8f36a1\" data-element_type=\"widget\" data-widget_type=\"divider.default\">\n\t\t\t\t<div class=\"elementor-widget-container\">\n\t\t\t\t\t\t\t<div class=\"elementor-divider\">\n\t\t\t<span class=\"elementor-divider-separator\">\n\t\t\t\t\t\t<\/span>\n\t\t<\/div>\n\t\t\t\t\t\t<\/div>\n\t\t\t\t<\/div>\n\t\t\t\t<\/div>\n\t\t<div class=\"elementor-element elementor-element-fbfda39 e-transform e-flex e-con-boxed e-con e-parent\" data-id=\"fbfda39\" data-element_type=\"container\" data-settings=\"{&quot;_transform_scale_effect&quot;:{&quot;unit&quot;:&quot;px&quot;,&quot;size&quot;:1,&quot;sizes&quot;:[]},&quot;_transform_scale_effect_tablet&quot;:{&quot;unit&quot;:&quot;px&quot;,&quot;size&quot;:&quot;&quot;,&quot;sizes&quot;:[]},&quot;_transform_scale_effect_mobile&quot;:{&quot;unit&quot;:&quot;px&quot;,&quot;size&quot;:&quot;&quot;,&quot;sizes&quot;:[]}}\">\n\t\t\t\t\t<div class=\"e-con-inner\">\n\t\t<div class=\"elementor-element elementor-element-54d3b8b e-con-full e-flex e-con e-child\" data-id=\"54d3b8b\" data-element_type=\"container\">\n\t\t\t\t<div class=\"elementor-element elementor-element-cc4dcc9 elementor-widget__width-initial e-transform elementor-drop-cap-yes elementor-widget-mobile__width-inherit e-transform elementor-drop-cap-view-default elementor-invisible elementor-widget elementor-widget-text-editor\" data-id=\"cc4dcc9\" data-element_type=\"widget\" data-settings=\"{&quot;motion_fx_motion_fx_mouse&quot;:&quot;yes&quot;,&quot;_animation&quot;:&quot;fadeIn&quot;,&quot;drop_cap&quot;:&quot;yes&quot;,&quot;_transform_scale_effect_tablet&quot;:{&quot;unit&quot;:&quot;px&quot;,&quot;size&quot;:0.7,&quot;sizes&quot;:[]},&quot;_transform_scale_effect_mobile&quot;:{&quot;unit&quot;:&quot;px&quot;,&quot;size&quot;:0.7,&quot;sizes&quot;:[]},&quot;_transform_translateX_effect&quot;:{&quot;unit&quot;:&quot;px&quot;,&quot;size&quot;:&quot;&quot;,&quot;sizes&quot;:[]},&quot;_transform_translateX_effect_tablet&quot;:{&quot;unit&quot;:&quot;px&quot;,&quot;size&quot;:&quot;&quot;,&quot;sizes&quot;:[]},&quot;_transform_translateX_effect_mobile&quot;:{&quot;unit&quot;:&quot;px&quot;,&quot;size&quot;:&quot;&quot;,&quot;sizes&quot;:[]},&quot;_transform_translateY_effect&quot;:{&quot;unit&quot;:&quot;px&quot;,&quot;size&quot;:&quot;&quot;,&quot;sizes&quot;:[]},&quot;_transform_translateY_effect_tablet&quot;:{&quot;unit&quot;:&quot;px&quot;,&quot;size&quot;:&quot;&quot;,&quot;sizes&quot;:[]},&quot;_transform_translateY_effect_mobile&quot;:{&quot;unit&quot;:&quot;px&quot;,&quot;size&quot;:&quot;&quot;,&quot;sizes&quot;:[]},&quot;_transform_scale_effect&quot;:{&quot;unit&quot;:&quot;px&quot;,&quot;size&quot;:&quot;&quot;,&quot;sizes&quot;:[]}}\" data-widget_type=\"text-editor.default\">\n\t\t\t\t<div class=\"elementor-widget-container\">\n\t\t\t\t\t\t\t\t\t<p><span style=\"color: #030140;\">Un habitatge que s&#039;obre a la Mediterr\u00e0nia, amb espais connectats i<strong> una enorme envolupant que regula vistes, llum i privadesa.<\/strong><\/span><\/p>\t\t\t\t\t\t\t\t<\/div>\n\t\t\t\t<\/div>\n\t\t\t\t<\/div>\n\t\t\t\t\t<\/div>\n\t\t\t\t<\/div>\n\t\t<div class=\"elementor-element elementor-element-a662314 e-con-full e-flex e-con e-parent\" data-id=\"a662314\" data-element_type=\"container\">\n\t\t\t\t<div class=\"elementor-element elementor-element-9e75211 elementor-widget-mobile__width-inherit elementor-widget-divider--view-line elementor-widget elementor-widget-divider\" data-id=\"9e75211\" data-element_type=\"widget\" data-widget_type=\"divider.default\">\n\t\t\t\t<div class=\"elementor-widget-container\">\n\t\t\t\t\t\t\t<div class=\"elementor-divider\">\n\t\t\t<span class=\"elementor-divider-separator\">\n\t\t\t\t\t\t<\/span>\n\t\t<\/div>\n\t\t\t\t\t\t<\/div>\n\t\t\t\t<\/div>\n\t\t\t\t<\/div>\n\t\t<div class=\"elementor-element elementor-element-f1f44d8 e-transform e-flex e-con-boxed e-con e-parent\" data-id=\"f1f44d8\" data-element_type=\"container\" data-settings=\"{&quot;_transform_scale_effect&quot;:{&quot;unit&quot;:&quot;px&quot;,&quot;size&quot;:&quot;&quot;,&quot;sizes&quot;:[]},&quot;_transform_scale_effect_tablet&quot;:{&quot;unit&quot;:&quot;px&quot;,&quot;size&quot;:&quot;&quot;,&quot;sizes&quot;:[]},&quot;_transform_scale_effect_mobile&quot;:{&quot;unit&quot;:&quot;px&quot;,&quot;size&quot;:&quot;&quot;,&quot;sizes&quot;:[]}}\">\n\t\t\t\t\t<div class=\"e-con-inner\">\n\t\t<div class=\"elementor-element elementor-element-775c52a e-grid e-con-full e-con e-child\" data-id=\"775c52a\" data-element_type=\"container\">\n\t\t\t\t<div class=\"elementor-element elementor-element-906ae27 elementor-widget elementor-widget-image\" data-id=\"906ae27\" data-element_type=\"widget\" data-widget_type=\"image.default\">\n\t\t\t\t<div class=\"elementor-widget-container\">\n\t\t\t\t\t\t\t\t\t\t\t\t\t\t\t<img decoding=\"async\" width=\"1881\" height=\"1254\" src=\"https:\/\/calaestudi.com\/wp-content\/uploads\/2025\/10\/cala-estudi_escaletes-sant-pol-de-mar_salon-acrisladado.png\" class=\"attachment-full size-full wp-image-1865\" alt=\"Arquitecte al Maresme.\" srcset=\"https:\/\/calaestudi.com\/wp-content\/uploads\/2025\/10\/cala-estudi_escaletes-sant-pol-de-mar_salon-acrisladado.png 1881w, https:\/\/calaestudi.com\/wp-content\/uploads\/2025\/10\/cala-estudi_escaletes-sant-pol-de-mar_salon-acrisladado-300x200.png 300w, https:\/\/calaestudi.com\/wp-content\/uploads\/2025\/10\/cala-estudi_escaletes-sant-pol-de-mar_salon-acrisladado-1024x683.png 1024w, https:\/\/calaestudi.com\/wp-content\/uploads\/2025\/10\/cala-estudi_escaletes-sant-pol-de-mar_salon-acrisladado-768x512.png 768w, https:\/\/calaestudi.com\/wp-content\/uploads\/2025\/10\/cala-estudi_escaletes-sant-pol-de-mar_salon-acrisladado-1536x1024.png 1536w, https:\/\/calaestudi.com\/wp-content\/uploads\/2025\/10\/cala-estudi_escaletes-sant-pol-de-mar_salon-acrisladado-18x12.png 18w\" sizes=\"(max-width: 1881px) 100vw, 1881px\" \/>\t\t\t\t\t\t\t\t\t\t\t\t\t\t\t<\/div>\n\t\t\t\t<\/div>\n\t\t\t\t<div class=\"elementor-element elementor-element-df30b79 elementor-widget__width-initial elementor-widget elementor-widget-text-editor\" data-id=\"df30b79\" data-element_type=\"widget\" data-widget_type=\"text-editor.default\">\n\t\t\t\t<div class=\"elementor-widget-container\">\n\t\t\t\t\t\t\t\t\t<h4 style=\"font-family: 'Work Sans', sans-serif;\"><span style=\"color: #030140;\">Una distribuci\u00f3 per conviure i desconnectar.<\/span><\/h4><p style=\"font-family: 'Work Sans', sans-serif;\"><span style=\"color: #030140;\">A la planta baixa hi trobem la zona de dia amb la sala d&#039;estar-menjador, la cuina, dos banys i una habitaci\u00f3 doble independent. A la primera planta hi ha tres habitacions dobles m\u00e9s i dos banys, un dins la suite, que compta amb vestidor i terrassa. Finalment una zona central de despatx obert configura l&#039;espai com\u00fa de la primera planta i la connecta amb la planta baixa a trav\u00e9s de l&#039;escala.<\/span><\/p>\t\t\t\t\t\t\t\t<\/div>\n\t\t\t\t<\/div>\n\t\t\t\t<\/div>\n\t\t\t\t\t<\/div>\n\t\t\t\t<\/div>\n\t\t<div class=\"elementor-element elementor-element-b128004 e-con-full e-flex e-con e-parent\" data-id=\"b128004\" data-element_type=\"container\">\n\t\t\t\t<div class=\"elementor-element elementor-element-f91c528 elementor-widget-mobile__width-inherit elementor-widget-divider--view-line elementor-widget elementor-widget-divider\" data-id=\"f91c528\" data-element_type=\"widget\" data-widget_type=\"divider.default\">\n\t\t\t\t<div class=\"elementor-widget-container\">\n\t\t\t\t\t\t\t<div class=\"elementor-divider\">\n\t\t\t<span class=\"elementor-divider-separator\">\n\t\t\t\t\t\t<\/span>\n\t\t<\/div>\n\t\t\t\t\t\t<\/div>\n\t\t\t\t<\/div>\n\t\t\t\t<\/div>\n\t\t<div class=\"elementor-element elementor-element-06ad04d e-transform e-flex e-con-boxed e-con e-parent\" data-id=\"06ad04d\" data-element_type=\"container\" data-settings=\"{&quot;_transform_scale_effect&quot;:{&quot;unit&quot;:&quot;px&quot;,&quot;size&quot;:1,&quot;sizes&quot;:[]},&quot;_transform_scale_effect_tablet&quot;:{&quot;unit&quot;:&quot;px&quot;,&quot;size&quot;:&quot;&quot;,&quot;sizes&quot;:[]},&quot;_transform_scale_effect_mobile&quot;:{&quot;unit&quot;:&quot;px&quot;,&quot;size&quot;:&quot;&quot;,&quot;sizes&quot;:[]}}\">\n\t\t\t\t\t<div class=\"e-con-inner\">\n\t\t<div class=\"elementor-element elementor-element-f0c715e e-con-full e-flex e-con e-child\" data-id=\"f0c715e\" data-element_type=\"container\">\n\t\t\t\t<div class=\"elementor-element elementor-element-5764c34 elementor-widget__width-initial e-transform elementor-drop-cap-yes elementor-widget-mobile__width-inherit e-transform elementor-drop-cap-view-default elementor-invisible elementor-widget elementor-widget-text-editor\" data-id=\"5764c34\" data-element_type=\"widget\" data-settings=\"{&quot;motion_fx_motion_fx_mouse&quot;:&quot;yes&quot;,&quot;_animation&quot;:&quot;fadeIn&quot;,&quot;drop_cap&quot;:&quot;yes&quot;,&quot;_transform_scale_effect_tablet&quot;:{&quot;unit&quot;:&quot;px&quot;,&quot;size&quot;:0.7,&quot;sizes&quot;:[]},&quot;_transform_scale_effect_mobile&quot;:{&quot;unit&quot;:&quot;px&quot;,&quot;size&quot;:0.7,&quot;sizes&quot;:[]},&quot;_transform_translateX_effect&quot;:{&quot;unit&quot;:&quot;px&quot;,&quot;size&quot;:&quot;&quot;,&quot;sizes&quot;:[]},&quot;_transform_translateX_effect_tablet&quot;:{&quot;unit&quot;:&quot;px&quot;,&quot;size&quot;:&quot;&quot;,&quot;sizes&quot;:[]},&quot;_transform_translateX_effect_mobile&quot;:{&quot;unit&quot;:&quot;px&quot;,&quot;size&quot;:&quot;&quot;,&quot;sizes&quot;:[]},&quot;_transform_translateY_effect&quot;:{&quot;unit&quot;:&quot;px&quot;,&quot;size&quot;:&quot;&quot;,&quot;sizes&quot;:[]},&quot;_transform_translateY_effect_tablet&quot;:{&quot;unit&quot;:&quot;px&quot;,&quot;size&quot;:&quot;&quot;,&quot;sizes&quot;:[]},&quot;_transform_translateY_effect_mobile&quot;:{&quot;unit&quot;:&quot;px&quot;,&quot;size&quot;:&quot;&quot;,&quot;sizes&quot;:[]},&quot;_transform_scale_effect&quot;:{&quot;unit&quot;:&quot;px&quot;,&quot;size&quot;:&quot;&quot;,&quot;sizes&quot;:[]}}\" data-widget_type=\"text-editor.default\">\n\t\t\t\t<div class=\"elementor-widget-container\">\n\t\t\t\t\t\t\t\t\t<p><span style=\"color: #030140;\">Un habitatge que s&#039;obre a la Mediterr\u00e0nia, amb espais connectats i<strong> una enorme envolupant que regula vistes, llum i privadesa.<\/strong><\/span><\/p>\t\t\t\t\t\t\t\t<\/div>\n\t\t\t\t<\/div>\n\t\t\t\t<\/div>\n\t\t\t\t\t<\/div>\n\t\t\t\t<\/div>\n\t\t<div class=\"elementor-element elementor-element-86ec148 e-con-full e-flex e-con e-parent\" data-id=\"86ec148\" data-element_type=\"container\">\n\t\t\t\t<div class=\"elementor-element elementor-element-bf5cce9 elementor-widget-mobile__width-inherit elementor-widget-divider--view-line elementor-widget elementor-widget-divider\" data-id=\"bf5cce9\" data-element_type=\"widget\" data-widget_type=\"divider.default\">\n\t\t\t\t<div class=\"elementor-widget-container\">\n\t\t\t\t\t\t\t<div class=\"elementor-divider\">\n\t\t\t<span class=\"elementor-divider-separator\">\n\t\t\t\t\t\t<\/span>\n\t\t<\/div>\n\t\t\t\t\t\t<\/div>\n\t\t\t\t<\/div>\n\t\t\t\t<\/div>\n\t\t<div class=\"elementor-element elementor-element-39e3844 e-transform e-flex e-con-boxed e-con e-parent\" data-id=\"39e3844\" data-element_type=\"container\" data-settings=\"{&quot;_transform_scale_effect&quot;:{&quot;unit&quot;:&quot;px&quot;,&quot;size&quot;:&quot;&quot;,&quot;sizes&quot;:[]},&quot;_transform_scale_effect_tablet&quot;:{&quot;unit&quot;:&quot;px&quot;,&quot;size&quot;:&quot;&quot;,&quot;sizes&quot;:[]},&quot;_transform_scale_effect_mobile&quot;:{&quot;unit&quot;:&quot;px&quot;,&quot;size&quot;:&quot;&quot;,&quot;sizes&quot;:[]}}\">\n\t\t\t\t\t<div class=\"e-con-inner\">\n\t\t<div class=\"elementor-element elementor-element-ab91f3a e-grid e-con-full e-con e-child\" data-id=\"ab91f3a\" data-element_type=\"container\">\n\t\t\t\t<div class=\"elementor-element elementor-element-74e5db1 elementor-widget__width-initial elementor-widget elementor-widget-text-editor\" data-id=\"74e5db1\" data-element_type=\"widget\" data-widget_type=\"text-editor.default\">\n\t\t\t\t<div class=\"elementor-widget-container\">\n\t\t\t\t\t\t\t\t\t<h4 style=\"font-family: 'Work Sans', sans-serif;\"><span style=\"color: #030140;\">Una envolupant que ordena nivells i controla la llum.<\/span><\/h4><p><span style=\"color: #030140;\">Uns s\u00f2cols de diferent materialitat a la fa\u00e7ana marquen els diferents nivells del nou habitatge i n&#039;accentuen el component horitzontal, nom\u00e9s interromput per unes persianes corredisses de fusta que filtren la llum cap a l&#039;interior i permeten la ventilaci\u00f3 i la privadesa. Pots veure com avan\u00e7a l&#039;obra <a href=\"https:\/\/www.instagram.com\/reel\/DOJBjE1COWk\/\" target=\"_blank\" rel=\"noopener\"><span style=\"text-decoration: underline;\">en aquest v\u00eddeo a Instagram<\/span><\/a>.\u00a0<\/span><\/p>\t\t\t\t\t\t\t\t<\/div>\n\t\t\t\t<\/div>\n\t\t\t\t<div class=\"elementor-element elementor-element-e6e3127 elementor-widget elementor-widget-image\" data-id=\"e6e3127\" data-element_type=\"widget\" data-widget_type=\"image.default\">\n\t\t\t\t<div class=\"elementor-widget-container\">\n\t\t\t\t\t\t\t\t\t\t\t\t\t\t\t<img loading=\"lazy\" decoding=\"async\" width=\"1024\" height=\"576\" src=\"https:\/\/calaestudi.com\/wp-content\/uploads\/2025\/12\/cala-estudi_escaletes-sant-pol-de-mar_dormitorio-ventanales-acristalados.jpg\" class=\"attachment-full size-full wp-image-2806\" alt=\"Qu\u00e8 inclou la feina d&#039;un arquitecte per a una casa unifamiliar al Maresme\" srcset=\"https:\/\/calaestudi.com\/wp-content\/uploads\/2025\/12\/cala-estudi_escaletes-sant-pol-de-mar_dormitorio-ventanales-acristalados.jpg 1024w, https:\/\/calaestudi.com\/wp-content\/uploads\/2025\/12\/cala-estudi_escaletes-sant-pol-de-mar_dormitorio-ventanales-acristalados-300x169.jpg 300w, https:\/\/calaestudi.com\/wp-content\/uploads\/2025\/12\/cala-estudi_escaletes-sant-pol-de-mar_dormitorio-ventanales-acristalados-768x432.jpg 768w, https:\/\/calaestudi.com\/wp-content\/uploads\/2025\/12\/cala-estudi_escaletes-sant-pol-de-mar_dormitorio-ventanales-acristalados-18x10.jpg 18w\" sizes=\"(max-width: 1024px) 100vw, 1024px\" \/>\t\t\t\t\t\t\t\t\t\t\t\t\t\t\t<\/div>\n\t\t\t\t<\/div>\n\t\t\t\t<\/div>\n\t\t\t\t\t<\/div>\n\t\t\t\t<\/div>\n\t\t<div class=\"elementor-element elementor-element-dbf47a4 e-transform e-flex e-con-boxed e-con e-parent\" data-id=\"dbf47a4\" data-element_type=\"container\" data-settings=\"{&quot;_transform_scale_effect&quot;:{&quot;unit&quot;:&quot;px&quot;,&quot;size&quot;:1,&quot;sizes&quot;:[]},&quot;_transform_scale_effect_tablet&quot;:{&quot;unit&quot;:&quot;px&quot;,&quot;size&quot;:&quot;&quot;,&quot;sizes&quot;:[]},&quot;_transform_scale_effect_mobile&quot;:{&quot;unit&quot;:&quot;px&quot;,&quot;size&quot;:&quot;&quot;,&quot;sizes&quot;:[]}}\">\n\t\t\t\t\t<div class=\"e-con-inner\">\n\t\t<div class=\"elementor-element elementor-element-c4492bf e-con-full e-flex e-con e-child\" data-id=\"c4492bf\" data-element_type=\"container\">\n\t\t\t\t<div class=\"elementor-element elementor-element-d404211 elementor-align-center elementor-tablet-align-center elementor-mobile-align-center elementor-invisible elementor-widget elementor-widget-button\" data-id=\"d404211\" data-element_type=\"widget\" data-settings=\"{&quot;_animation&quot;:&quot;fadeIn&quot;}\" data-widget_type=\"button.default\">\n\t\t\t\t<div class=\"elementor-widget-container\">\n\t\t\t\t\t\t\t\t\t<div class=\"elementor-button-wrapper\">\n\t\t\t\t\t<a class=\"elementor-button elementor-button-link elementor-size-sm\" href=\"https:\/\/wa.me\/34633857757\" target=\"_blank\" rel=\"noopener\">\n\t\t\t\t\t\t<span class=\"elementor-button-content-wrapper\">\n\t\t\t\t\t\t\t\t\t<span class=\"elementor-button-text\">PARLEM<\/span>\n\t\t\t\t\t<\/span>\n\t\t\t\t\t<\/a>\n\t\t\t\t<\/div>\n\t\t\t\t\t\t\t\t<\/div>\n\t\t\t\t<\/div>\n\t\t\t\t<\/div>\n\t\t\t\t\t<\/div>\n\t\t\t\t<\/div>\n\t\t<div class=\"elementor-element elementor-element-e510330 e-flex e-con-boxed e-con e-parent\" data-id=\"e510330\" data-element_type=\"container\" data-settings=\"{&quot;background_background&quot;:&quot;slideshow&quot;,&quot;background_slideshow_gallery&quot;:[{&quot;id&quot;:1831,&quot;url&quot;:&quot;https:\\\/\\\/calaestudi.com\\\/wp-content\\\/uploads\\\/2025\\\/10\\\/Excavacion-Sant-Pol-de-Mar-1-Escaletes-scaled.jpg&quot;},{&quot;id&quot;:1113,&quot;url&quot;:&quot;https:\\\/\\\/calaestudi.com\\\/wp-content\\\/uploads\\\/2025\\\/04\\\/6.png&quot;},{&quot;id&quot;:1112,&quot;url&quot;:&quot;https:\\\/\\\/calaestudi.com\\\/wp-content\\\/uploads\\\/2025\\\/04\\\/5.png&quot;},{&quot;id&quot;:1110,&quot;url&quot;:&quot;https:\\\/\\\/calaestudi.com\\\/wp-content\\\/uploads\\\/2025\\\/04\\\/3.png&quot;}],&quot;background_slideshow_ken_burns&quot;:&quot;yes&quot;,&quot;background_slideshow_slide_duration&quot;:3000,&quot;background_slideshow_loop&quot;:&quot;yes&quot;,&quot;background_slideshow_slide_transition&quot;:&quot;fade&quot;,&quot;background_slideshow_transition_duration&quot;:500,&quot;background_slideshow_ken_burns_zoom_direction&quot;:&quot;in&quot;}\">\n\t\t\t\t\t<div class=\"e-con-inner\">\n\t\t\t\t\t<\/div>\n\t\t\t\t<\/div>\n\t\t\t\t<\/div>","protected":false},"excerpt":{"rendered":"<p>Escaletes A\u00f1o 2025 &#8211; 2026 Categor\u00eda\u00a0Obra Nueva Localizaci\u00f3n Sant Pol de Mar Cliente Privado\u00a0 Superficie 220 m2 Estado En construcci\u00f3n Un terreno en pendiente, una urbanizaci\u00f3n tranquila y vistas al Mediterr\u00e1neo entre pinos: las tres piezas que definen a Escaletes. Esquina al mar. Escaletes es uno de nuestros proyectos de arquitectura en El Maresme m\u00e1s [&hellip;]<\/p>","protected":false},"author":2,"featured_media":2201,"parent":0,"menu_order":0,"comment_status":"closed","ping_status":"closed","template":"","meta":{"footnotes":""},"class_list":["post-2798","page","type-page","status-publish","has-post-thumbnail","hentry"],"_links":{"self":[{"href":"https:\/\/calaestudi.com\/ca\/wp-json\/wp\/v2\/pages\/2798","targetHints":{"allow":["GET"]}}],"collection":[{"href":"https:\/\/calaestudi.com\/ca\/wp-json\/wp\/v2\/pages"}],"about":[{"href":"https:\/\/calaestudi.com\/ca\/wp-json\/wp\/v2\/types\/page"}],"author":[{"embeddable":true,"href":"https:\/\/calaestudi.com\/ca\/wp-json\/wp\/v2\/users\/2"}],"replies":[{"embeddable":true,"href":"https:\/\/calaestudi.com\/ca\/wp-json\/wp\/v2\/comments?post=2798"}],"version-history":[{"count":26,"href":"https:\/\/calaestudi.com\/ca\/wp-json\/wp\/v2\/pages\/2798\/revisions"}],"predecessor-version":[{"id":3178,"href":"https:\/\/calaestudi.com\/ca\/wp-json\/wp\/v2\/pages\/2798\/revisions\/3178"}],"wp:featuredmedia":[{"embeddable":true,"href":"https:\/\/calaestudi.com\/ca\/wp-json\/wp\/v2\/media\/2201"}],"wp:attachment":[{"href":"https:\/\/calaestudi.com\/ca\/wp-json\/wp\/v2\/media?parent=2798"}],"curies":[{"name":"wp","href":"https:\/\/api.w.org\/{rel}","templated":true}]}}